{"id":1219,"date":"2021-05-17T16:45:23","date_gmt":"2021-05-17T16:45:23","guid":{"rendered":"https:\/\/collectifau.ca\/organismes-membres\/"},"modified":"2025-06-30T15:39:14","modified_gmt":"2025-06-30T15:39:14","slug":"member-organizations","status":"publish","type":"page","link":"https:\/\/collectifau.ca\/en\/member-organizations\/","title":{"rendered":"Member organizations"},"content":{"rendered":"\t\t<div data-elementor-type=\"wp-page\" data-elementor-id=\"1219\" class=\"elementor elementor-1219 elementor-33\" data-elementor-post-type=\"page\">\n\t\t\t\t\t\t<section class=\"elementor-section elementor-top-section elementor-element elementor-element-f6594d9 elementor-section-boxed elementor-section-height-default elementor-section-height-default\" data-id=\"f6594d9\" data-element_type=\"section\" data-e-type=\"section\" data-settings=\"{&quot;jet_parallax_layout_list&quot;:[{&quot;jet_parallax_layout_image&quot;:{&quot;url&quot;:&quot;&quot;,&quot;id&quot;:&quot;&quot;,&quot;size&quot;:&quot;&quot;},&quot;_id&quot;:&quot;91fd46d&quot;,&quot;jet_parallax_layout_image_tablet&quot;:{&quot;url&quot;:&quot;&quot;,&quot;id&quot;:&quot;&quot;,&quot;size&quot;:&quot;&quot;},&quot;jet_parallax_layout_image_mobile&quot;:{&quot;url&quot;:&quot;&quot;,&quot;id&quot;:&quot;&quot;,&quot;size&quot;:&quot;&quot;},&quot;jet_parallax_layout_speed&quot;:{&quot;unit&quot;:&quot;%&quot;,&quot;size&quot;:50,&quot;sizes&quot;:[]},&quot;jet_parallax_layout_type&quot;:&quot;scroll&quot;,&quot;jet_parallax_layout_direction&quot;:null,&quot;jet_parallax_layout_fx_direction&quot;:null,&quot;jet_parallax_layout_z_index&quot;:&quot;&quot;,&quot;jet_parallax_layout_bg_x&quot;:50,&quot;jet_parallax_layout_bg_x_tablet&quot;:&quot;&quot;,&quot;jet_parallax_layout_bg_x_mobile&quot;:&quot;&quot;,&quot;jet_parallax_layout_bg_y&quot;:50,&quot;jet_parallax_layout_bg_y_tablet&quot;:&quot;&quot;,&quot;jet_parallax_layout_bg_y_mobile&quot;:&quot;&quot;,&quot;jet_parallax_layout_bg_size&quot;:&quot;auto&quot;,&quot;jet_parallax_layout_bg_size_tablet&quot;:&quot;&quot;,&quot;jet_parallax_layout_bg_size_mobile&quot;:&quot;&quot;,&quot;jet_parallax_layout_animation_prop&quot;:&quot;transform&quot;,&quot;jet_parallax_layout_on&quot;:[&quot;desktop&quot;,&quot;tablet&quot;]}]}\">\n\t\t\t\t\t\t<div class=\"elementor-container elementor-column-gap-default\">\n\t\t\t\t\t<div class=\"elementor-column elementor-col-100 elementor-top-column elementor-element elementor-element-4c4c0f8\" data-id=\"4c4c0f8\" data-element_type=\"column\" data-e-type=\"column\">\n\t\t\t<div class=\"elementor-widget-wrap elementor-element-populated\">\n\t\t\t\t\t\t<div class=\"elementor-element elementor-element-3b1ad4d elementor-cta--valign-middle elementor-widget__width-initial elementor-widget-tablet__width-initial elementor-widget-mobile__width-initial elementor-cta--skin-classic elementor-animated-content elementor-widget elementor-widget-call-to-action\" data-id=\"3b1ad4d\" data-element_type=\"widget\" data-e-type=\"widget\" data-widget_type=\"call-to-action.default\">\n\t\t\t\t<div class=\"elementor-widget-container\">\n\t\t\t\t\t\t\t<a class=\"elementor-cta\" href=\"http:\/\/www.ailia.info\/\" target=\"_blank\">\n\t\t\t\t\t\t\t<div class=\"elementor-cta__content\">\n\t\t\t\t\t\t\t\t\t<div class=\"elementor-content-item elementor-cta__content-item elementor-cta__image\">\n\t\t\t\t\t\t<img decoding=\"async\" src=\"https:\/\/collectifau.ca\/wp-content\/uploads\/elementor\/thumbs\/logo_AILIA-rfo3regd5jzy481ufyie9ksnf7em07zs82agxd32f4.jpg\" title=\"logo_AILIA\" alt=\"Logo de l&#039;Association d&#039;informations en logements et immeubles adapt\u00e9s.\" loading=\"lazy\" \/>\t\t\t\t\t<\/div>\n\t\t\t\t\n\t\t\t\t\t\t\t\t\t<h2 class=\"elementor-cta__title elementor-cta__content-item elementor-content-item\">\n\t\t\t\t\t\tAILIA\t\t\t\t\t<\/h2>\n\t\t\t\t\n\t\t\t\t\t\t\t\t\t<div class=\"elementor-cta__description elementor-cta__content-item elementor-content-item\">\n\t\t\t\t\t\tAssociation d'information en logements et immeubles adapt\u00e9s \t\t\t\t\t<\/div>\n\t\t\t\t\n\t\t\t\t\t\t\t\t\t<div class=\"elementor-cta__button-wrapper elementor-cta__content-item elementor-content-item \">\n\t\t\t\t\t<span class=\"elementor-cta__button elementor-button elementor-size-\">\n\t\t\t\t\t\tVisit the website <i class=\"fas fa-external-link-alt\"><\/i>\t\t\t\t\t<\/span>\n\t\t\t\t\t<\/div>\n\t\t\t\t\t\t\t<\/div>\n\t\t\t\t\t\t<\/a>\n\t\t\t\t\t\t<\/div>\n\t\t\t\t<\/div>\n\t\t\t\t<div class=\"elementor-element elementor-element-859e780 elementor-cta--valign-middle elementor-widget__width-initial elementor-widget-tablet__width-initial elementor-widget-mobile__width-initial elementor-cta--skin-classic elementor-animated-content elementor-widget elementor-widget-call-to-action\" data-id=\"859e780\" data-element_type=\"widget\" data-e-type=\"widget\" data-widget_type=\"call-to-action.default\">\n\t\t\t\t<div class=\"elementor-widget-container\">\n\t\t\t\t\t\t\t<a class=\"elementor-cta\" href=\"https:\/\/www.alpha-montreal.com\/\" target=\"_blank\">\n\t\t\t\t\t\t\t<div class=\"elementor-cta__content\">\n\t\t\t\t\t\t\t\t\t<div class=\"elementor-content-item elementor-cta__content-item elementor-cta__image\">\n\t\t\t\t\t\t<img decoding=\"async\" src=\"https:\/\/collectifau.ca\/wp-content\/uploads\/elementor\/thumbs\/ALPHA-rfo3regd5jzy481ufyie9ksnf7em07zs82agxd32f4.png\" title=\"ALPHA\" alt=\"Logo de\" loading=\"lazy\" \/>\t\t\t\t\t<\/div>\n\t\t\t\t\n\t\t\t\t\t\t\t\t\t<h2 class=\"elementor-cta__title elementor-cta__content-item elementor-content-item\">\n\t\t\t\t\t\tALPHA\t\t\t\t\t<\/h2>\n\t\t\t\t\n\t\t\t\t\t\t\t\t\t<div class=\"elementor-cta__description elementor-cta__content-item elementor-content-item\">\n\t\t\t\t\t\tAssociation d'entraide des personnes handicap\u00e9es physiques de Montr\u00e9al\t\t\t\t\t<\/div>\n\t\t\t\t\n\t\t\t\t\t\t\t\t\t<div class=\"elementor-cta__button-wrapper elementor-cta__content-item elementor-content-item \">\n\t\t\t\t\t<span class=\"elementor-cta__button elementor-button elementor-size-\">\n\t\t\t\t\t\tVisit the website <i class=\"fas fa-external-link-alt\"><\/i>\t\t\t\t\t<\/span>\n\t\t\t\t\t<\/div>\n\t\t\t\t\t\t\t<\/div>\n\t\t\t\t\t\t<\/a>\n\t\t\t\t\t\t<\/div>\n\t\t\t\t<\/div>\n\t\t\t\t<div class=\"elementor-element elementor-element-72b42c0 elementor-cta--valign-middle elementor-widget__width-initial elementor-widget-tablet__width-initial elementor-widget-mobile__width-initial elementor-cta--skin-classic elementor-animated-content elementor-widget elementor-widget-call-to-action\" data-id=\"72b42c0\" data-element_type=\"widget\" data-e-type=\"widget\" data-widget_type=\"call-to-action.default\">\n\t\t\t\t<div class=\"elementor-widget-container\">\n\t\t\t\t\t\t\t<a class=\"elementor-cta\" href=\"https:\/\/aqepa.org\/aqepa-montreal-regional\/\" target=\"_blank\">\n\t\t\t\t\t\t\t<div class=\"elementor-cta__content\">\n\t\t\t\t\t\t\t\t\t<div class=\"elementor-content-item elementor-cta__content-item elementor-cta__image\">\n\t\t\t\t\t\t<img decoding=\"async\" src=\"https:\/\/collectifau.ca\/wp-content\/uploads\/elementor\/thumbs\/Copie-de-Logo-AQEPA-Montre\u0301al-Re\u0301gional-3-rfo3regfl9j81rtb4rxulu5cf463r8vwpw2vjvrmac.png\" title=\"Copie de Logo AQEPA Montre\u0301al Re\u0301gional 3\" alt=\"Logo de l&#039;Association du Qu\u00e9bec pour enfants avec probl\u00e8mes auditifs : A.Q.E.P.A Montr\u00e9al R\u00e9gional\" loading=\"lazy\" \/>\t\t\t\t\t<\/div>\n\t\t\t\t\n\t\t\t\t\t\t\t\t\t<h2 class=\"elementor-cta__title elementor-cta__content-item elementor-content-item\">\n\t\t\t\t\t\tAQEPA\t\t\t\t\t<\/h2>\n\t\t\t\t\n\t\t\t\t\t\t\t\t\t<div class=\"elementor-cta__description elementor-cta__content-item elementor-content-item\">\n\t\t\t\t\t\tAssociation du Qu\u00e9bec pour Enfants avec Probl\u00e8mes Auditifs Montr\u00e9al R\u00e9gional\t\t\t\t\t<\/div>\n\t\t\t\t\n\t\t\t\t\t\t\t\t\t<div class=\"elementor-cta__button-wrapper elementor-cta__content-item elementor-content-item \">\n\t\t\t\t\t<span class=\"elementor-cta__button elementor-button elementor-size-\">\n\t\t\t\t\t\tVisit the website <i class=\"fas fa-external-link-alt\"><\/i>\t\t\t\t\t<\/span>\n\t\t\t\t\t<\/div>\n\t\t\t\t\t\t\t<\/div>\n\t\t\t\t\t\t<\/a>\n\t\t\t\t\t\t<\/div>\n\t\t\t\t<\/div>\n\t\t\t\t<div class=\"elementor-element elementor-element-6ae0d11 elementor-cta--valign-middle elementor-widget__width-initial elementor-widget-tablet__width-initial elementor-widget-mobile__width-initial elementor-cta--skin-classic elementor-animated-content elementor-widget elementor-widget-call-to-action\" data-id=\"6ae0d11\" data-element_type=\"widget\" data-e-type=\"widget\" data-widget_type=\"call-to-action.default\">\n\t\t\t\t<div class=\"elementor-widget-container\">\n\t\t\t\t\t\t\t<a class=\"elementor-cta\" href=\"https:\/\/aphasie.ca\/\" target=\"_blank\">\n\t\t\t\t\t\t\t<div class=\"elementor-cta__content\">\n\t\t\t\t\t\t\t\t\t<div class=\"elementor-content-item elementor-cta__content-item elementor-cta__image\">\n\t\t\t\t\t\t<img decoding=\"async\" src=\"https:\/\/collectifau.ca\/wp-content\/uploads\/elementor\/thumbs\/AQPA-rfo3regd5jzy481ufyie9ksnf7em07zs82agxd32f4.png\" title=\"AQPA\" alt=\"Logo de l&#039;AQPA\" loading=\"lazy\" \/>\t\t\t\t\t<\/div>\n\t\t\t\t\n\t\t\t\t\t\t\t\t\t<h2 class=\"elementor-cta__title elementor-cta__content-item elementor-content-item\">\n\t\t\t\t\t\tAQPA\t\t\t\t\t<\/h2>\n\t\t\t\t\n\t\t\t\t\t\t\t\t\t<div class=\"elementor-cta__description elementor-cta__content-item elementor-content-item\">\n\t\t\t\t\t\tAssociation qu\u00e9b\u00e9coise des personnes aphasiques\t\t\t\t\t<\/div>\n\t\t\t\t\n\t\t\t\t\t\t\t\t\t<div class=\"elementor-cta__button-wrapper elementor-cta__content-item elementor-content-item \">\n\t\t\t\t\t<span class=\"elementor-cta__button elementor-button elementor-size-\">\n\t\t\t\t\t\tVisit the website <i class=\"fas fa-external-link-alt\"><\/i>\t\t\t\t\t<\/span>\n\t\t\t\t\t<\/div>\n\t\t\t\t\t\t\t<\/div>\n\t\t\t\t\t\t<\/a>\n\t\t\t\t\t\t<\/div>\n\t\t\t\t<\/div>\n\t\t\t\t<div class=\"elementor-element elementor-element-0c6ae8a elementor-cta--valign-middle elementor-widget__width-initial elementor-widget-tablet__width-initial elementor-widget-mobile__width-initial elementor-cta--skin-classic elementor-animated-content elementor-widget elementor-widget-call-to-action\" data-id=\"0c6ae8a\" data-element_type=\"widget\" data-e-type=\"widget\" data-widget_type=\"call-to-action.default\">\n\t\t\t\t<div class=\"elementor-widget-container\">\n\t\t\t\t\t\t\t<a class=\"elementor-cta\" href=\"https:\/\/montreal.ca\/anjou\" target=\"_blank\">\n\t\t\t\t\t\t\t<div class=\"elementor-cta__content\">\n\t\t\t\t\t\t\t\t\t<div class=\"elementor-content-item elementor-cta__content-item elementor-cta__image\">\n\t\t\t\t\t\t<img decoding=\"async\" src=\"https:\/\/collectifau.ca\/wp-content\/uploads\/elementor\/thumbs\/ANJOU-COULEUR-300-Anouk-SEVIGNY-rfo3regd5jzy481ufyie9ksnf7em07zs82agxd32f4.jpg\" title=\"ANJOU-COULEUR 300 &#8211; Anouk SEVIGNY\" alt=\"Logo de l&#039;Arrondissement Anjou\" loading=\"lazy\" \/>\t\t\t\t\t<\/div>\n\t\t\t\t\n\t\t\t\t\t\t\t\t\t<h2 class=\"elementor-cta__title elementor-cta__content-item elementor-content-item\">\n\t\t\t\t\t\tArrondissement Anjou\t\t\t\t\t<\/h2>\n\t\t\t\t\n\t\t\t\t\n\t\t\t\t\t\t\t\t\t<div class=\"elementor-cta__button-wrapper elementor-cta__content-item elementor-content-item \">\n\t\t\t\t\t<span class=\"elementor-cta__button elementor-button elementor-size-\">\n\t\t\t\t\t\tVisit the website <i class=\"fas fa-external-link-alt\"><\/i>\t\t\t\t\t<\/span>\n\t\t\t\t\t<\/div>\n\t\t\t\t\t\t\t<\/div>\n\t\t\t\t\t\t<\/a>\n\t\t\t\t\t\t<\/div>\n\t\t\t\t<\/div>\n\t\t\t\t<div class=\"elementor-element elementor-element-9c6b7e9 elementor-cta--valign-middle elementor-widget__width-initial elementor-widget-tablet__width-initial elementor-widget-mobile__width-initial elementor-cta--skin-classic elementor-animated-content elementor-widget elementor-widget-call-to-action\" data-id=\"9c6b7e9\" data-element_type=\"widget\" data-e-type=\"widget\" data-widget_type=\"call-to-action.default\">\n\t\t\t\t<div class=\"elementor-widget-container\">\n\t\t\t\t\t\t\t<a class=\"elementor-cta\" href=\"https:\/\/montreal.ca\/mercier-hochelaga-maisonneuve\" target=\"_blank\">\n\t\t\t\t\t\t\t<div class=\"elementor-cta__content\">\n\t\t\t\t\t\t\t\t\t<div class=\"elementor-content-item elementor-cta__content-item elementor-cta__image\">\n\t\t\t\t\t\t<img decoding=\"async\" src=\"https:\/\/collectifau.ca\/wp-content\/uploads\/elementor\/thumbs\/Mercier-Hochelage-Maisonneuve-rfo3regd5jzy481ufyie9ksnf7em07zs82agxd32f4.png\" title=\"Mercier-Hochelage-Maisonneuve\" alt=\"Logo de l&#039;\" loading=\"lazy\" \/>\t\t\t\t\t<\/div>\n\t\t\t\t\n\t\t\t\t\t\t\t\t\t<h2 class=\"elementor-cta__title elementor-cta__content-item elementor-content-item\">\n\t\t\t\t\t\tArrondissement Mercier-Hochelaga maisonneuve\t\t\t\t\t<\/h2>\n\t\t\t\t\n\t\t\t\t\n\t\t\t\t\t\t\t\t\t<div class=\"elementor-cta__button-wrapper elementor-cta__content-item elementor-content-item \">\n\t\t\t\t\t<span class=\"elementor-cta__button elementor-button elementor-size-\">\n\t\t\t\t\t\tVisit the website <i class=\"fas fa-external-link-alt\"><\/i>\t\t\t\t\t<\/span>\n\t\t\t\t\t<\/div>\n\t\t\t\t\t\t\t<\/div>\n\t\t\t\t\t\t<\/a>\n\t\t\t\t\t\t<\/div>\n\t\t\t\t<\/div>\n\t\t\t\t<div class=\"elementor-element elementor-element-664f5a0 elementor-cta--valign-middle elementor-widget__width-initial elementor-widget-tablet__width-initial elementor-widget-mobile__width-initial elementor-cta--skin-classic elementor-animated-content elementor-widget elementor-widget-call-to-action\" data-id=\"664f5a0\" data-element_type=\"widget\" data-e-type=\"widget\" data-widget_type=\"call-to-action.default\">\n\t\t\t\t<div class=\"elementor-widget-container\">\n\t\t\t\t\t\t\t<a class=\"elementor-cta\" href=\"https:\/\/asamm.ca\/\" target=\"_blank\">\n\t\t\t\t\t\t\t<div class=\"elementor-cta__content\">\n\t\t\t\t\t\t\t\t\t<div class=\"elementor-content-item elementor-cta__content-item elementor-cta__image\">\n\t\t\t\t\t\t<img decoding=\"async\" src=\"https:\/\/collectifau.ca\/wp-content\/uploads\/elementor\/thumbs\/ASAMM-2-rfo3regd5jzy481ufyie9ksnf7em07zs82agxd32f4.png\" title=\"ASAMM (2)\" alt=\"Logo\" loading=\"lazy\" \/>\t\t\t\t\t<\/div>\n\t\t\t\t\n\t\t\t\t\t\t\t\t\t<h2 class=\"elementor-cta__title elementor-cta__content-item elementor-content-item\">\n\t\t\t\t\t\tAssociation des sports pour personnes aveugles du Montr\u00e9al M\u00e9tropolitain - ASAMM\t\t\t\t\t<\/h2>\n\t\t\t\t\n\t\t\t\t\n\t\t\t\t\t\t\t\t\t<div class=\"elementor-cta__button-wrapper elementor-cta__content-item elementor-content-item \">\n\t\t\t\t\t<span class=\"elementor-cta__button elementor-button elementor-size-\">\n\t\t\t\t\t\tVisit the website <i class=\"fas fa-external-link-alt\"><\/i>\t\t\t\t\t<\/span>\n\t\t\t\t\t<\/div>\n\t\t\t\t\t\t\t<\/div>\n\t\t\t\t\t\t<\/a>\n\t\t\t\t\t\t<\/div>\n\t\t\t\t<\/div>\n\t\t\t\t<div class=\"elementor-element elementor-element-970cf5f elementor-cta--valign-middle elementor-widget__width-initial elementor-widget-tablet__width-initial elementor-widget-mobile__width-initial elementor-cta--skin-classic elementor-animated-content elementor-widget elementor-widget-call-to-action\" data-id=\"970cf5f\" data-element_type=\"widget\" data-e-type=\"widget\" data-widget_type=\"call-to-action.default\">\n\t\t\t\t<div class=\"elementor-widget-container\">\n\t\t\t\t\t\t\t<a class=\"elementor-cta\" href=\"https:\/\/autisme-montreal.com\/\" target=\"_blank\">\n\t\t\t\t\t\t\t<div class=\"elementor-cta__content\">\n\t\t\t\t\t\t\t\t\t<div class=\"elementor-content-item elementor-cta__content-item elementor-cta__image\">\n\t\t\t\t\t\t<img decoding=\"async\" src=\"https:\/\/collectifau.ca\/wp-content\/uploads\/elementor\/thumbs\/Autisme-Montreal-rfo3regd5jzy481ufyie9ksnf7em07zs82agxd32f4.jpg\" title=\"Autisme Montreal\" alt=\"Logo d&#039;Autisme Montr\u00e9al\" loading=\"lazy\" \/>\t\t\t\t\t<\/div>\n\t\t\t\t\n\t\t\t\t\t\t\t\t\t<h2 class=\"elementor-cta__title elementor-cta__content-item elementor-content-item\">\n\t\t\t\t\t\tAutisme Montr\u00e9al\t\t\t\t\t<\/h2>\n\t\t\t\t\n\t\t\t\t\n\t\t\t\t\t\t\t\t\t<div class=\"elementor-cta__button-wrapper elementor-cta__content-item elementor-content-item \">\n\t\t\t\t\t<span class=\"elementor-cta__button elementor-button elementor-size-\">\n\t\t\t\t\t\tVisit the website <i class=\"fas fa-external-link-alt\"><\/i>\t\t\t\t\t<\/span>\n\t\t\t\t\t<\/div>\n\t\t\t\t\t\t\t<\/div>\n\t\t\t\t\t\t<\/a>\n\t\t\t\t\t\t<\/div>\n\t\t\t\t<\/div>\n\t\t\t\t<div class=\"elementor-element elementor-element-6fa927e elementor-cta--valign-middle elementor-widget__width-initial elementor-widget-tablet__width-initial elementor-widget-mobile__width-initial elementor-cta--skin-classic elementor-animated-content elementor-widget elementor-widget-call-to-action\" data-id=\"6fa927e\" data-element_type=\"widget\" data-e-type=\"widget\" data-widget_type=\"call-to-action.default\">\n\t\t\t\t<div class=\"elementor-widget-container\">\n\t\t\t\t\t\t\t<a class=\"elementor-cta\" href=\"https:\/\/bougervivre.weebly.com\/\" target=\"_blank\">\n\t\t\t\t\t\t\t<div class=\"elementor-cta__content\">\n\t\t\t\t\t\t\t\t\t<div class=\"elementor-content-item elementor-cta__content-item elementor-cta__image\">\n\t\t\t\t\t\t<img decoding=\"async\" src=\"https:\/\/collectifau.ca\/wp-content\/uploads\/elementor\/thumbs\/Bouger-et-vivre-e1601923113521-rfo3regd5jzy481ufyie9ksnf7em07zs82agxd32f4.png\" title=\"Bouger-et-vivre-e1601923113521\" alt=\"Logo bouger et vivre\" loading=\"lazy\" \/>\t\t\t\t\t<\/div>\n\t\t\t\t\n\t\t\t\t\t\t\t\t\t<h2 class=\"elementor-cta__title elementor-cta__content-item elementor-content-item\">\n\t\t\t\t\t\tBouger et Vivre\t\t\t\t\t<\/h2>\n\t\t\t\t\n\t\t\t\t\n\t\t\t\t\t\t\t\t\t<div class=\"elementor-cta__button-wrapper elementor-cta__content-item elementor-content-item \">\n\t\t\t\t\t<span class=\"elementor-cta__button elementor-button elementor-size-\">\n\t\t\t\t\t\tVisit the website <i class=\"fas fa-external-link-alt\"><\/i>\t\t\t\t\t<\/span>\n\t\t\t\t\t<\/div>\n\t\t\t\t\t\t\t<\/div>\n\t\t\t\t\t\t<\/a>\n\t\t\t\t\t\t<\/div>\n\t\t\t\t<\/div>\n\t\t\t\t<div class=\"elementor-element elementor-element-c611979 elementor-cta--valign-middle elementor-widget__width-initial elementor-widget-tablet__width-initial elementor-widget-mobile__width-initial elementor-cta--skin-classic elementor-animated-content elementor-widget elementor-widget-call-to-action\" data-id=\"c611979\" data-element_type=\"widget\" data-e-type=\"widget\" data-widget_type=\"call-to-action.default\">\n\t\t\t\t<div class=\"elementor-widget-container\">\n\t\t\t\t\t\t\t<a class=\"elementor-cta\" href=\"https:\/\/centreradisson.com\/a-propos-de-nous\/mission\/\" target=\"_blank\">\n\t\t\t\t\t\t\t<div class=\"elementor-cta__content\">\n\t\t\t\t\t\t\t\t\t<div class=\"elementor-content-item elementor-cta__content-item elementor-cta__image\">\n\t\t\t\t\t\t<img decoding=\"async\" src=\"https:\/\/collectifau.ca\/wp-content\/uploads\/elementor\/thumbs\/centre-communautaire-radisson-rfo3regd5jzy481ufyie9ksnf7em07zs82agxd32f4.png\" title=\"centre communautaire radisson\" alt=\"Logo du Centre communautaire Radisson\" loading=\"lazy\" \/>\t\t\t\t\t<\/div>\n\t\t\t\t\n\t\t\t\t\t\t\t\t\t<h2 class=\"elementor-cta__title elementor-cta__content-item elementor-content-item\">\n\t\t\t\t\t\tCentre communautaire Radisson\t\t\t\t\t<\/h2>\n\t\t\t\t\n\t\t\t\t\n\t\t\t\t\t\t\t\t\t<div class=\"elementor-cta__button-wrapper elementor-cta__content-item elementor-content-item \">\n\t\t\t\t\t<span class=\"elementor-cta__button elementor-button elementor-size-\">\n\t\t\t\t\t\tVisit the website <i class=\"fas fa-external-link-alt\"><\/i>\t\t\t\t\t<\/span>\n\t\t\t\t\t<\/div>\n\t\t\t\t\t\t\t<\/div>\n\t\t\t\t\t\t<\/a>\n\t\t\t\t\t\t<\/div>\n\t\t\t\t<\/div>\n\t\t\t\t<div class=\"elementor-element elementor-element-f31dcc7 elementor-cta--valign-middle elementor-widget__width-initial elementor-widget-tablet__width-initial elementor-widget-mobile__width-initial elementor-hidden-phone elementor-cta--skin-classic elementor-animated-content elementor-widget elementor-widget-call-to-action\" data-id=\"f31dcc7\" data-element_type=\"widget\" data-e-type=\"widget\" data-widget_type=\"call-to-action.default\">\n\t\t\t\t<div class=\"elementor-widget-container\">\n\t\t\t\t\t\t\t<a class=\"elementor-cta\" href=\"https:\/\/www.santemonteregie.qc.ca\/ouest\" target=\"_blank\">\n\t\t\t\t\t\t\t<div class=\"elementor-cta__content\">\n\t\t\t\t\t\t\t\t\t<div class=\"elementor-content-item elementor-cta__content-item elementor-cta__image\">\n\t\t\t\t\t\t<img decoding=\"async\" src=\"https:\/\/collectifau.ca\/wp-content\/uploads\/elementor\/thumbs\/CISSS_Monteregie_Ouest_mm2c-rfo3regd5jzy481ufyie9ksnf7em07zs82agxd32f4.jpg\" title=\"CISSS_Monteregie_Ouest_mm2c\" alt=\"Logo Centre int\u00e9gr\u00e9 de sant\u00e9 et de services sociaux de la Mont\u00e9r\u00e9gie-Ouest : Qu\u00e9bec-drapeau.\" loading=\"lazy\" \/>\t\t\t\t\t<\/div>\n\t\t\t\t\n\t\t\t\t\t\t\t\t\t<h2 class=\"elementor-cta__title elementor-cta__content-item elementor-content-item\">\n\t\t\t\t\t\tCISSS de la Mont\u00e9r\u00e9gie-Ouest\t\t\t\t\t<\/h2>\n\t\t\t\t\n\t\t\t\t\n\t\t\t\t\t\t\t\t\t<div class=\"elementor-cta__button-wrapper elementor-cta__content-item elementor-content-item \">\n\t\t\t\t\t<span class=\"elementor-cta__button elementor-button elementor-size-\">\n\t\t\t\t\t\tVisit the website <i class=\"fas fa-external-link-alt\"><\/i>\t\t\t\t\t<\/span>\n\t\t\t\t\t<\/div>\n\t\t\t\t\t\t\t<\/div>\n\t\t\t\t\t\t<\/a>\n\t\t\t\t\t\t<\/div>\n\t\t\t\t<\/div>\n\t\t\t\t<div class=\"elementor-element elementor-element-e3f2090 elementor-cta--valign-middle elementor-widget__width-initial elementor-widget-tablet__width-initial elementor-widget-mobile__width-initial elementor-hidden-phone elementor-cta--skin-classic elementor-animated-content elementor-widget elementor-widget-call-to-action\" data-id=\"e3f2090\" data-element_type=\"widget\" data-e-type=\"widget\" data-widget_type=\"call-to-action.default\">\n\t\t\t\t<div class=\"elementor-widget-container\">\n\t\t\t\t\t\t\t<a class=\"elementor-cta\" href=\"https:\/\/civa.qc.ca\/\" target=\"_blank\">\n\t\t\t\t\t\t\t<div class=\"elementor-cta__content\">\n\t\t\t\t\t\t\t\t\t<div class=\"elementor-content-item elementor-cta__content-item elementor-cta__image\">\n\t\t\t\t\t\t<img decoding=\"async\" src=\"https:\/\/collectifau.ca\/wp-content\/uploads\/elementor\/thumbs\/Logo-CIVA-rfo3regd5jzy481ufyie9ksnf7em07zs82agxd32f4.jpg\" title=\"Logo CIVA\" alt=\"Logo du Centre d&#039;int\u00e9gration \u00e0 la vie active.\" loading=\"lazy\" \/>\t\t\t\t\t<\/div>\n\t\t\t\t\n\t\t\t\t\t\t\t\t\t<h2 class=\"elementor-cta__title elementor-cta__content-item elementor-content-item\">\n\t\t\t\t\t\tCIVA\t\t\t\t\t<\/h2>\n\t\t\t\t\n\t\t\t\t\t\t\t\t\t<div class=\"elementor-cta__description elementor-cta__content-item elementor-content-item\">\n\t\t\t\t\t\tCentre d'int\u00e9gration \u00e0 la vie active&lt;\t\t\t\t\t<\/div>\n\t\t\t\t\n\t\t\t\t\t\t\t\t\t<div class=\"elementor-cta__button-wrapper elementor-cta__content-item elementor-content-item \">\n\t\t\t\t\t<span class=\"elementor-cta__button elementor-button elementor-size-\">\n\t\t\t\t\t\tVisit the website <i class=\"fas fa-external-link-alt\"><\/i>\t\t\t\t\t<\/span>\n\t\t\t\t\t<\/div>\n\t\t\t\t\t\t\t<\/div>\n\t\t\t\t\t\t<\/a>\n\t\t\t\t\t\t<\/div>\n\t\t\t\t<\/div>\n\t\t\t\t<div class=\"elementor-element elementor-element-c3cb1ea elementor-cta--valign-middle elementor-widget__width-initial elementor-widget-tablet__width-initial elementor-widget-mobile__width-initial elementor-hidden-phone elementor-cta--skin-classic elementor-animated-content elementor-widget elementor-widget-call-to-action\" data-id=\"c3cb1ea\" data-element_type=\"widget\" data-e-type=\"widget\" data-widget_type=\"call-to-action.default\">\n\t\t\t\t<div class=\"elementor-widget-container\">\n\t\t\t\t\t\t\t<a class=\"elementor-cta\" href=\"https:\/\/cdlal.quebec\/\" target=\"_blank\">\n\t\t\t\t\t\t\t<div class=\"elementor-cta__content\">\n\t\t\t\t\t\t\t\t\t<div class=\"elementor-content-item elementor-cta__content-item elementor-cta__image\">\n\t\t\t\t\t\t<img decoding=\"async\" src=\"https:\/\/collectifau.ca\/wp-content\/uploads\/elementor\/thumbs\/CDLAL-sep-2022-rfo3regg1xh4x071j3b6u00bnrl100qtnzokxkj59w.jpg\" title=\"CDLAL sep 2022\" alt=\"Logo de la Coalition pour le droit au logement de l&#039;agglom\u00e9ration de Longueuil\" loading=\"lazy\" \/>\t\t\t\t\t<\/div>\n\t\t\t\t\n\t\t\t\t\t\t\t\t\t<h2 class=\"elementor-cta__title elementor-cta__content-item elementor-content-item\">\n\t\t\t\t\t\tCoalition pour le droit au logement de l'agglom\u00e9ration de Longueuil\t\t\t\t\t<\/h2>\n\t\t\t\t\n\t\t\t\t\n\t\t\t\t\t\t\t\t\t<div class=\"elementor-cta__button-wrapper elementor-cta__content-item elementor-content-item \">\n\t\t\t\t\t<span class=\"elementor-cta__button elementor-button elementor-size-\">\n\t\t\t\t\t\tVisit the website <i class=\"fas fa-external-link-alt\"><\/i>\t\t\t\t\t<\/span>\n\t\t\t\t\t<\/div>\n\t\t\t\t\t\t\t<\/div>\n\t\t\t\t\t\t<\/a>\n\t\t\t\t\t\t<\/div>\n\t\t\t\t<\/div>\n\t\t\t\t<div class=\"elementor-element elementor-element-2a905d5 elementor-cta--valign-middle elementor-widget__width-initial elementor-widget-tablet__width-initial elementor-widget-mobile__width-initial elementor-hidden-desktop elementor-hidden-tablet elementor-hidden-phone elementor-cta--skin-classic elementor-animated-content elementor-widget elementor-widget-call-to-action\" data-id=\"2a905d5\" data-element_type=\"widget\" data-e-type=\"widget\" data-widget_type=\"call-to-action.default\">\n\t\t\t\t<div class=\"elementor-widget-container\">\n\t\t\t\t\t\t\t<a class=\"elementor-cta\" href=\"http:\/\/www.cradi.com\/\" target=\"_blank\">\n\t\t\t\t\t\t\t<div class=\"elementor-cta__content\">\n\t\t\t\t\t\t\t\t\t<div class=\"elementor-content-item elementor-cta__content-item elementor-cta__image\">\n\t\t\t\t\t\t<img decoding=\"async\" src=\"https:\/\/collectifau.ca\/wp-content\/uploads\/elementor\/thumbs\/CRADI-LogoFinal-2019-CMYK-rfo3regd5jzy481ufyie9ksnf7em07zs82agxd32f4.jpg\" title=\"CRADI-LogoFinal-2019-CMYK\" alt=\"Logo du Comit\u00e9 r\u00e9gional pour l&#039;autisme et la d\u00e9ficience intellectuelle.\" loading=\"lazy\" \/>\t\t\t\t\t<\/div>\n\t\t\t\t\n\t\t\t\t\t\t\t\t\t<h2 class=\"elementor-cta__title elementor-cta__content-item elementor-content-item\">\n\t\t\t\t\t\tCRADI\t\t\t\t\t<\/h2>\n\t\t\t\t\n\t\t\t\t\t\t\t\t\t<div class=\"elementor-cta__description elementor-cta__content-item elementor-content-item\">\n\t\t\t\t\t\tComit\u00e9 r\u00e9gional pour l'autisme et la d\u00e9ficience intellectuelle\t\t\t\t\t<\/div>\n\t\t\t\t\n\t\t\t\t\t\t\t\t\t<div class=\"elementor-cta__button-wrapper elementor-cta__content-item elementor-content-item \">\n\t\t\t\t\t<span class=\"elementor-cta__button elementor-button elementor-size-\">\n\t\t\t\t\t\tVisit the website <i class=\"fas fa-external-link-alt\"><\/i>\t\t\t\t\t<\/span>\n\t\t\t\t\t<\/div>\n\t\t\t\t\t\t\t<\/div>\n\t\t\t\t\t\t<\/a>\n\t\t\t\t\t\t<\/div>\n\t\t\t\t<\/div>\n\t\t\t\t<div class=\"elementor-element elementor-element-cf079dd elementor-cta--valign-middle elementor-widget__width-initial elementor-widget-tablet__width-initial elementor-widget-mobile__width-initial elementor-cta--skin-classic elementor-animated-content elementor-widget elementor-widget-call-to-action\" data-id=\"cf079dd\" data-element_type=\"widget\" data-e-type=\"widget\" data-widget_type=\"call-to-action.default\">\n\t\t\t\t<div class=\"elementor-widget-container\">\n\t\t\t\t\t\t\t<a class=\"elementor-cta\" href=\"https:\/\/www.defphyssanslimite.org\/\" target=\"_blank\">\n\t\t\t\t\t\t\t<div class=\"elementor-cta__content\">\n\t\t\t\t\t\t\t\t\t<div class=\"elementor-content-item elementor-cta__content-item elementor-cta__image\">\n\t\t\t\t\t\t<img decoding=\"async\" src=\"https:\/\/collectifau.ca\/wp-content\/uploads\/elementor\/thumbs\/DefPhys-Sans-limitew-rfo3regg1xh4x071j3b6u00bnrl100qtnzokxkj59w.png\" title=\"DefPhys Sans limitew\" alt=\"Logo Defohys sans limite. Pour une vie sans limite.\" loading=\"lazy\" \/>\t\t\t\t\t<\/div>\n\t\t\t\t\n\t\t\t\t\t\t\t\t\t<h2 class=\"elementor-cta__title elementor-cta__content-item elementor-content-item\">\n\t\t\t\t\t\tD\u00e9fPhys Sans Limite\t\t\t\t\t<\/h2>\n\t\t\t\t\n\t\t\t\t\n\t\t\t\t\t\t\t\t\t<div class=\"elementor-cta__button-wrapper elementor-cta__content-item elementor-content-item \">\n\t\t\t\t\t<span class=\"elementor-cta__button elementor-button elementor-size-\">\n\t\t\t\t\t\tVisit the website <i class=\"fas fa-external-link-alt\"><\/i>\t\t\t\t\t<\/span>\n\t\t\t\t\t<\/div>\n\t\t\t\t\t\t\t<\/div>\n\t\t\t\t\t\t<\/a>\n\t\t\t\t\t\t<\/div>\n\t\t\t\t<\/div>\n\t\t\t\t<div class=\"elementor-element elementor-element-0418056 elementor-cta--valign-middle elementor-widget__width-initial elementor-widget-tablet__width-initial elementor-widget-mobile__width-initial elementor-cta--skin-classic elementor-animated-content elementor-widget elementor-widget-call-to-action\" data-id=\"0418056\" data-element_type=\"widget\" data-e-type=\"widget\" data-widget_type=\"call-to-action.default\">\n\t\t\t\t<div class=\"elementor-widget-container\">\n\t\t\t\t\t\t\t<a class=\"elementor-cta\" href=\"https:\/\/exaequo.net\/\" target=\"_blank\">\n\t\t\t\t\t\t\t<div class=\"elementor-cta__content\">\n\t\t\t\t\t\t\t\t\t<div class=\"elementor-content-item elementor-cta__content-item elementor-cta__image\">\n\t\t\t\t\t\t<img decoding=\"async\" src=\"https:\/\/collectifau.ca\/wp-content\/uploads\/elementor\/thumbs\/LogoExAequo-rfo3regd5jzy481ufyie9ksnf7em07zs82agxd32f4.jpg\" title=\"Logo Ex aequo : pour une \u00e9galit\u00e9 sans d\u00e9tour.\" alt=\"Logo Ex aequo : pour une \u00e9galit\u00e9 sans d\u00e9tour.\" loading=\"lazy\" \/>\t\t\t\t\t<\/div>\n\t\t\t\t\n\t\t\t\t\t\t\t\t\t<h2 class=\"elementor-cta__title elementor-cta__content-item elementor-content-item\">\n\t\t\t\t\t\tEx aequo\t\t\t\t\t<\/h2>\n\t\t\t\t\n\t\t\t\t\n\t\t\t\t\t\t\t\t\t<div class=\"elementor-cta__button-wrapper elementor-cta__content-item elementor-content-item \">\n\t\t\t\t\t<span class=\"elementor-cta__button elementor-button elementor-size-\">\n\t\t\t\t\t\tVisit the website <i class=\"fas fa-external-link-alt\"><\/i>\t\t\t\t\t<\/span>\n\t\t\t\t\t<\/div>\n\t\t\t\t\t\t\t<\/div>\n\t\t\t\t\t\t<\/a>\n\t\t\t\t\t\t<\/div>\n\t\t\t\t<\/div>\n\t\t\t\t<div class=\"elementor-element elementor-element-c1cf696 elementor-cta--valign-middle elementor-widget__width-initial elementor-widget-tablet__width-initial elementor-widget-mobile__width-initial elementor-cta--skin-classic elementor-animated-content elementor-widget elementor-widget-call-to-action\" data-id=\"c1cf696\" data-element_type=\"widget\" data-e-type=\"widget\" data-widget_type=\"call-to-action.default\">\n\t\t\t\t<div class=\"elementor-widget-container\">\n\t\t\t\t\t\t\t<a class=\"elementor-cta\" href=\"https:\/\/www.fadoq.ca\/ile-de-montreal\/\" target=\"_blank\">\n\t\t\t\t\t\t\t<div class=\"elementor-cta__content\">\n\t\t\t\t\t\t\t\t\t<div class=\"elementor-content-item elementor-cta__content-item elementor-cta__image\">\n\t\t\t\t\t\t<img decoding=\"async\" src=\"https:\/\/collectifau.ca\/wp-content\/uploads\/elementor\/thumbs\/Logo_FADOQ_Couleur-rfo3regd5jzy481ufyie9ksnf7em07zs82agxd32f4.png\" title=\"Logo fadoq : R\u00e9gion \u00eele de Montr\u00e9al\" alt=\"Logo fadoq : R\u00e9gion \u00eele de Montr\u00e9al\" loading=\"lazy\" \/>\t\t\t\t\t<\/div>\n\t\t\t\t\n\t\t\t\t\t\t\t\t\t<h2 class=\"elementor-cta__title elementor-cta__content-item elementor-content-item\">\n\t\t\t\t\t\tFADOQ\t\t\t\t\t<\/h2>\n\t\t\t\t\n\t\t\t\t\t\t\t\t\t<div class=\"elementor-cta__description elementor-cta__content-item elementor-content-item\">\n\t\t\t\t\t\tR\u00e9gion \u00eele de Montr\u00e9al \t\t\t\t\t<\/div>\n\t\t\t\t\n\t\t\t\t\t\t\t\t\t<div class=\"elementor-cta__button-wrapper elementor-cta__content-item elementor-content-item \">\n\t\t\t\t\t<span class=\"elementor-cta__button elementor-button elementor-size-\">\n\t\t\t\t\t\tVisit the website <i class=\"fas fa-external-link-alt\"><\/i>\t\t\t\t\t<\/span>\n\t\t\t\t\t<\/div>\n\t\t\t\t\t\t\t<\/div>\n\t\t\t\t\t\t<\/a>\n\t\t\t\t\t\t<\/div>\n\t\t\t\t<\/div>\n\t\t\t\t<div class=\"elementor-element elementor-element-7a5a289 elementor-cta--valign-middle elementor-widget__width-initial elementor-widget-tablet__width-initial elementor-widget-mobile__width-initial elementor-cta--skin-classic elementor-animated-content elementor-widget elementor-widget-call-to-action\" data-id=\"7a5a289\" data-element_type=\"widget\" data-e-type=\"widget\" data-widget_type=\"call-to-action.default\">\n\t\t\t\t<div class=\"elementor-widget-container\">\n\t\t\t\t\t\t\t<a class=\"elementor-cta\" href=\"http:\/\/www.inlb.qc.ca\/\" target=\"_blank\">\n\t\t\t\t\t\t\t<div class=\"elementor-cta__content\">\n\t\t\t\t\t\t\t\t\t<div class=\"elementor-content-item elementor-cta__content-item elementor-cta__image\">\n\t\t\t\t\t\t<img decoding=\"async\" src=\"https:\/\/collectifau.ca\/wp-content\/uploads\/elementor\/thumbs\/Copie-logo-INLB-rfo3regd5jzy481ufyie9ksnf7em07zs82agxd32f4.png\" title=\"Logo de l&#8217;Institut Nazareth &#038; Louis-Braille.\" alt=\"Logo de l&#039;Institut Nazareth &amp; Louis-Braille.\" loading=\"lazy\" \/>\t\t\t\t\t<\/div>\n\t\t\t\t\n\t\t\t\t\t\t\t\t\t<h2 class=\"elementor-cta__title elementor-cta__content-item elementor-content-item\">\n\t\t\t\t\t\tINLB\t\t\t\t\t<\/h2>\n\t\t\t\t\n\t\t\t\t\t\t\t\t\t<div class=\"elementor-cta__description elementor-cta__content-item elementor-content-item\">\n\t\t\t\t\t\tInstitut Nazareth et Louis-Braille du CISSS de la Mont\u00e9r\u00e9gie-Centre\t\t\t\t\t<\/div>\n\t\t\t\t\n\t\t\t\t\t\t\t\t\t<div class=\"elementor-cta__button-wrapper elementor-cta__content-item elementor-content-item \">\n\t\t\t\t\t<span class=\"elementor-cta__button elementor-button elementor-size-\">\n\t\t\t\t\t\tVisit the website <i class=\"fas fa-external-link-alt\"><\/i>\t\t\t\t\t<\/span>\n\t\t\t\t\t<\/div>\n\t\t\t\t\t\t\t<\/div>\n\t\t\t\t\t\t<\/a>\n\t\t\t\t\t\t<\/div>\n\t\t\t\t<\/div>\n\t\t\t\t<div class=\"elementor-element elementor-element-fe8f152 elementor-cta--valign-middle elementor-widget__width-initial elementor-widget-tablet__width-initial elementor-widget-mobile__width-initial elementor-cta--skin-classic elementor-animated-content elementor-widget elementor-widget-call-to-action\" data-id=\"fe8f152\" data-element_type=\"widget\" data-e-type=\"widget\" data-widget_type=\"call-to-action.default\">\n\t\t\t\t<div class=\"elementor-widget-container\">\n\t\t\t\t\t\t\t<a class=\"elementor-cta\" href=\"http:\/\/www.keroul.qc.ca\/\" target=\"_blank\">\n\t\t\t\t\t\t\t<div class=\"elementor-cta__content\">\n\t\t\t\t\t\t\t\t\t<div class=\"elementor-content-item elementor-cta__content-item elementor-cta__image\">\n\t\t\t\t\t\t<img decoding=\"async\" src=\"https:\/\/collectifau.ca\/wp-content\/uploads\/elementor\/thumbs\/Keroul-rfo3regd5jzy481ufyie9ksnf7em07zs82agxd32f4.jpg\" title=\"K\u00e9roul\" alt=\"Logo de k\u00e9roul.Partenaire de d\u00e9couvertes accessibles.\" loading=\"lazy\" \/>\t\t\t\t\t<\/div>\n\t\t\t\t\n\t\t\t\t\t\t\t\t\t<h2 class=\"elementor-cta__title elementor-cta__content-item elementor-content-item\">\n\t\t\t\t\t\tK\u00e9roul\t\t\t\t\t<\/h2>\n\t\t\t\t\n\t\t\t\t\n\t\t\t\t\t\t\t\t\t<div class=\"elementor-cta__button-wrapper elementor-cta__content-item elementor-content-item \">\n\t\t\t\t\t<span class=\"elementor-cta__button elementor-button elementor-size-\">\n\t\t\t\t\t\tVisit the website <i class=\"fas fa-external-link-alt\"><\/i>\t\t\t\t\t<\/span>\n\t\t\t\t\t<\/div>\n\t\t\t\t\t\t\t<\/div>\n\t\t\t\t\t\t<\/a>\n\t\t\t\t\t\t<\/div>\n\t\t\t\t<\/div>\n\t\t\t\t<div class=\"elementor-element elementor-element-e6b618e elementor-cta--valign-middle elementor-widget__width-initial elementor-widget-tablet__width-initial elementor-widget-mobile__width-initial elementor-cta--skin-classic elementor-animated-content elementor-widget elementor-widget-call-to-action\" data-id=\"e6b618e\" data-element_type=\"widget\" data-e-type=\"widget\" data-widget_type=\"call-to-action.default\">\n\t\t\t\t<div class=\"elementor-widget-container\">\n\t\t\t\t\t\t\t<a class=\"elementor-cta\" href=\"https:\/\/lebonpilote.org\/\" target=\"_blank\">\n\t\t\t\t\t\t\t<div class=\"elementor-cta__content\">\n\t\t\t\t\t\t\t\t\t<div class=\"elementor-content-item elementor-cta__content-item elementor-cta__image\">\n\t\t\t\t\t\t<img decoding=\"async\" src=\"https:\/\/collectifau.ca\/wp-content\/uploads\/elementor\/thumbs\/Le-Bon-Pilote-inc-rfo3regd5k027jipb68vyzynhz3g9ee0qre1bye22o.png\" title=\"Le Bon Pilote inc.\" alt=\"Logo Le Bon Pilote\" loading=\"lazy\" \/>\t\t\t\t\t<\/div>\n\t\t\t\t\n\t\t\t\t\t\t\t\t\t<h2 class=\"elementor-cta__title elementor-cta__content-item elementor-content-item\">\n\t\t\t\t\t\tLe Bon Pilote INC\t\t\t\t\t<\/h2>\n\t\t\t\t\n\t\t\t\t\n\t\t\t\t\t\t\t\t\t<div class=\"elementor-cta__button-wrapper elementor-cta__content-item elementor-content-item \">\n\t\t\t\t\t<span class=\"elementor-cta__button elementor-button elementor-size-\">\n\t\t\t\t\t\tVisit the website <i class=\"fas fa-external-link-alt\"><\/i>\t\t\t\t\t<\/span>\n\t\t\t\t\t<\/div>\n\t\t\t\t\t\t\t<\/div>\n\t\t\t\t\t\t<\/a>\n\t\t\t\t\t\t<\/div>\n\t\t\t\t<\/div>\n\t\t\t\t<div class=\"elementor-element elementor-element-1de156f elementor-cta--valign-middle elementor-widget__width-initial elementor-widget-tablet__width-initial elementor-widget-mobile__width-initial elementor-hidden-phone elementor-cta--skin-classic elementor-animated-content elementor-widget elementor-widget-call-to-action\" data-id=\"1de156f\" data-element_type=\"widget\" data-e-type=\"widget\" data-widget_type=\"call-to-action.default\">\n\t\t\t\t<div class=\"elementor-widget-container\">\n\t\t\t\t\t\t\t<a class=\"elementor-cta\" href=\"https:\/\/mfsm.info\/\" target=\"_blank\">\n\t\t\t\t\t\t\t<div class=\"elementor-cta__content\">\n\t\t\t\t\t\t\t\t\t<div class=\"elementor-content-item elementor-cta__content-item elementor-cta__image\">\n\t\t\t\t\t\t<img decoding=\"async\" src=\"https:\/\/collectifau.ca\/wp-content\/uploads\/elementor\/thumbs\/maison-des-femmes-sourdes-rfo3regd5jzy481ufyie9ksnf7em07zs82agxd32f4.jpg\" title=\"Logo de la Maison des femmes sourdes de Montr\u00e9al.\" alt=\"Logo de la Maison des femmes sourdes de Montr\u00e9al.\" loading=\"lazy\" \/>\t\t\t\t\t<\/div>\n\t\t\t\t\n\t\t\t\t\t\t\t\t\t<h2 class=\"elementor-cta__title elementor-cta__content-item elementor-content-item\">\n\t\t\t\t\t\tMFSM\t\t\t\t\t<\/h2>\n\t\t\t\t\n\t\t\t\t\t\t\t\t\t<div class=\"elementor-cta__description elementor-cta__content-item elementor-content-item\">\n\t\t\t\t\t\tLa maison des femmes sourdes de Montr\u00e9al\t\t\t\t\t<\/div>\n\t\t\t\t\n\t\t\t\t\t\t\t\t\t<div class=\"elementor-cta__button-wrapper elementor-cta__content-item elementor-content-item \">\n\t\t\t\t\t<span class=\"elementor-cta__button elementor-button elementor-size-\">\n\t\t\t\t\t\tVisit the website <i class=\"fas fa-external-link-alt\"><\/i>\t\t\t\t\t<\/span>\n\t\t\t\t\t<\/div>\n\t\t\t\t\t\t\t<\/div>\n\t\t\t\t\t\t<\/a>\n\t\t\t\t\t\t<\/div>\n\t\t\t\t<\/div>\n\t\t\t\t<div class=\"elementor-element elementor-element-f3cffe4 elementor-cta--valign-middle elementor-widget__width-initial elementor-widget-tablet__width-initial elementor-widget-mobile__width-initial elementor-hidden-phone elementor-cta--skin-classic elementor-animated-content elementor-widget elementor-widget-call-to-action\" data-id=\"f3cffe4\" data-element_type=\"widget\" data-e-type=\"widget\" data-widget_type=\"call-to-action.default\">\n\t\t\t\t<div class=\"elementor-widget-container\">\n\t\t\t\t\t\t\t<a class=\"elementor-cta\" href=\"https:\/\/mbde.ca\/\" target=\"_blank\">\n\t\t\t\t\t\t\t<div class=\"elementor-cta__content\">\n\t\t\t\t\t\t\t\t\t<div class=\"elementor-content-item elementor-cta__content-item elementor-cta__image\">\n\t\t\t\t\t\t<img decoding=\"async\" src=\"https:\/\/collectifau.ca\/wp-content\/uploads\/elementor\/thumbs\/Mon-bras-doit-EDUC-rfo3regd5jzy481ufyie9ksnf7em07zs82agxd32f4.jpeg\" title=\"Mon bras doit \u00c9DUC\" alt=\"Logo de\" loading=\"lazy\" \/>\t\t\t\t\t<\/div>\n\t\t\t\t\n\t\t\t\t\t\t\t\t\t<h2 class=\"elementor-cta__title elementor-cta__content-item elementor-content-item\">\n\t\t\t\t\t\tMon bras droit \u00c9duc\t\t\t\t\t<\/h2>\n\t\t\t\t\n\t\t\t\t\n\t\t\t\t\t\t\t\t\t<div class=\"elementor-cta__button-wrapper elementor-cta__content-item elementor-content-item \">\n\t\t\t\t\t<span class=\"elementor-cta__button elementor-button elementor-size-\">\n\t\t\t\t\t\tVisit the website <i class=\"fas fa-external-link-alt\"><\/i>\t\t\t\t\t<\/span>\n\t\t\t\t\t<\/div>\n\t\t\t\t\t\t\t<\/div>\n\t\t\t\t\t\t<\/a>\n\t\t\t\t\t\t<\/div>\n\t\t\t\t<\/div>\n\t\t\t\t<div class=\"elementor-element elementor-element-5cebc39 elementor-cta--valign-middle elementor-widget__width-initial elementor-widget-tablet__width-initial elementor-widget-mobile__width-initial elementor-hidden-phone elementor-cta--skin-classic elementor-animated-content elementor-widget elementor-widget-call-to-action\" data-id=\"5cebc39\" data-element_type=\"widget\" data-e-type=\"widget\" data-widget_type=\"call-to-action.default\">\n\t\t\t\t<div class=\"elementor-widget-container\">\n\t\t\t\t\t\t\t<a class=\"elementor-cta\" href=\"https:\/\/promo-acces.com\/a-propos\/mission-vision-valeurs\/\" target=\"_blank\">\n\t\t\t\t\t\t\t<div class=\"elementor-cta__content\">\n\t\t\t\t\t\t\t\t\t<div class=\"elementor-content-item elementor-cta__content-item elementor-cta__image\">\n\t\t\t\t\t\t<img decoding=\"async\" src=\"https:\/\/collectifau.ca\/wp-content\/uploads\/elementor\/thumbs\/Promo-acces-rfo3regezc655yf0lgv6m0e6o4yoz58eyyryj3kxuk.png\" title=\"Promo-acc\u00e8s\" alt=\"Logo de Promo-Acc\u00e8s\" loading=\"lazy\" \/>\t\t\t\t\t<\/div>\n\t\t\t\t\n\t\t\t\t\t\t\t\t\t<h2 class=\"elementor-cta__title elementor-cta__content-item elementor-content-item\">\n\t\t\t\t\t\tPromo-Acc\u00e8s\t\t\t\t\t<\/h2>\n\t\t\t\t\n\t\t\t\t\n\t\t\t\t\t\t\t\t\t<div class=\"elementor-cta__button-wrapper elementor-cta__content-item elementor-content-item \">\n\t\t\t\t\t<span class=\"elementor-cta__button elementor-button elementor-size-\">\n\t\t\t\t\t\tVisit the website <i class=\"fas fa-external-link-alt\"><\/i>\t\t\t\t\t<\/span>\n\t\t\t\t\t<\/div>\n\t\t\t\t\t\t\t<\/div>\n\t\t\t\t\t\t<\/a>\n\t\t\t\t\t\t<\/div>\n\t\t\t\t<\/div>\n\t\t\t\t<div class=\"elementor-element elementor-element-a960109 elementor-cta--valign-middle elementor-widget__width-initial elementor-widget-tablet__width-initial elementor-widget-mobile__width-initial elementor-hidden-phone elementor-cta--skin-classic elementor-animated-content elementor-widget elementor-widget-call-to-action\" data-id=\"a960109\" data-element_type=\"widget\" data-e-type=\"widget\" data-widget_type=\"call-to-action.default\">\n\t\t\t\t<div class=\"elementor-widget-container\">\n\t\t\t\t\t\t\t<a class=\"elementor-cta\" href=\"https:\/\/ropasom.wordpress.com\/\" target=\"_blank\">\n\t\t\t\t\t\t\t<div class=\"elementor-cta__content\">\n\t\t\t\t\t\t\t\t\t<div class=\"elementor-content-item elementor-cta__content-item elementor-cta__image\">\n\t\t\t\t\t\t<img decoding=\"async\" src=\"https:\/\/collectifau.ca\/wp-content\/uploads\/elementor\/thumbs\/ROPASOM-rfo3regd5k06auzk6dzdof4nkqsaiks99ghlqjp1q8.png\" title=\"ROPASOM\" alt=\"Logo du ROPASOM\" loading=\"lazy\" \/>\t\t\t\t\t<\/div>\n\t\t\t\t\n\t\t\t\t\t\t\t\t\t<h2 class=\"elementor-cta__title elementor-cta__content-item elementor-content-item\">\n\t\t\t\t\t\tROPASOM\t\t\t\t\t<\/h2>\n\t\t\t\t\n\t\t\t\t\n\t\t\t\t\t\t\t\t\t<div class=\"elementor-cta__button-wrapper elementor-cta__content-item elementor-content-item \">\n\t\t\t\t\t<span class=\"elementor-cta__button elementor-button elementor-size-\">\n\t\t\t\t\t\tVisit the website <i class=\"fas fa-external-link-alt\"><\/i>\t\t\t\t\t<\/span>\n\t\t\t\t\t<\/div>\n\t\t\t\t\t\t\t<\/div>\n\t\t\t\t\t\t<\/a>\n\t\t\t\t\t\t<\/div>\n\t\t\t\t<\/div>\n\t\t\t\t<div class=\"elementor-element elementor-element-bd7177d elementor-cta--valign-middle elementor-widget__width-initial elementor-widget-tablet__width-initial elementor-widget-mobile__width-initial elementor-cta--skin-classic elementor-animated-content elementor-widget elementor-widget-call-to-action\" data-id=\"bd7177d\" data-element_type=\"widget\" data-e-type=\"widget\" data-widget_type=\"call-to-action.default\">\n\t\t\t\t<div class=\"elementor-widget-container\">\n\t\t\t\t\t\t\t<a class=\"elementor-cta\" href=\"https:\/\/www.otisnature.com\/?gclid=CjwKCAiA1-6sBhAoEiwArqlGPr4fJe-Q3qw2T2LMm4e8kmnrqv0YICEee9848Ip2HRIBYp4zTqcofBoCPjUQAvD_BwE\" target=\"_blank\">\n\t\t\t\t\t\t\t<div class=\"elementor-cta__content\">\n\t\t\t\t\t\t\t\t\t<div class=\"elementor-content-item elementor-cta__content-item elementor-cta__image\">\n\t\t\t\t\t\t<img decoding=\"async\" width=\"150\" height=\"150\" src=\"https:\/\/collectifau.ca\/wp-content\/uploads\/2024\/01\/Otis-Nature-150x150.png\" class=\"attachment-thumbnail size-thumbnail wp-image-2224\" alt=\"\" srcset=\"https:\/\/collectifau.ca\/wp-content\/uploads\/2024\/01\/Otis-Nature-150x150.png 150w, https:\/\/collectifau.ca\/wp-content\/uploads\/2024\/01\/Otis-Nature.png 200w\" sizes=\"(max-width: 150px) 100vw, 150px\" \/>\t\t\t\t\t<\/div>\n\t\t\t\t\n\t\t\t\t\t\t\t\t\t<h2 class=\"elementor-cta__title elementor-cta__content-item elementor-content-item\">\n\t\t\t\t\t\tOtis Nature\t\t\t\t\t<\/h2>\n\t\t\t\t\n\t\t\t\t\n\t\t\t\t\t\t\t\t\t<div class=\"elementor-cta__button-wrapper elementor-cta__content-item elementor-content-item \">\n\t\t\t\t\t<span class=\"elementor-cta__button elementor-button elementor-size-\">\n\t\t\t\t\t\tVisit the website <i class=\"fas fa-external-link-alt\"><\/i>\t\t\t\t\t<\/span>\n\t\t\t\t\t<\/div>\n\t\t\t\t\t\t\t<\/div>\n\t\t\t\t\t\t<\/a>\n\t\t\t\t\t\t<\/div>\n\t\t\t\t<\/div>\n\t\t\t\t<div class=\"elementor-element elementor-element-d66a301 elementor-cta--valign-middle elementor-widget__width-initial elementor-widget-tablet__width-initial elementor-widget-mobile__width-initial elementor-hidden-desktop elementor-hidden-tablet elementor-hidden-phone elementor-cta--skin-classic elementor-animated-content elementor-widget elementor-widget-call-to-action\" data-id=\"d66a301\" data-element_type=\"widget\" data-e-type=\"widget\" data-widget_type=\"call-to-action.default\">\n\t\t\t\t<div class=\"elementor-widget-container\">\n\t\t\t\t\t\t\t<a class=\"elementor-cta\" href=\"http:\/\/www.olympiquesspeciauxquebec.ca\/\" target=\"_blank\">\n\t\t\t\t\t\t\t<div class=\"elementor-cta__content\">\n\t\t\t\t\t\t\t\t\t<div class=\"elementor-content-item elementor-cta__content-item elementor-cta__image\">\n\t\t\t\t\t\t<img decoding=\"async\" src=\"https:\/\/collectifau.ca\/wp-content\/uploads\/elementor\/thumbs\/Olympiques-spe\u0301ciaux2-rfo3regd5jzy481ufyie9ksnf7em07zs82agxd32f4.png\" title=\"Logo des Olympiques sp\u00e9ciaux Qu\u00e9bec\" alt=\"Logo des Olympiques sp\u00e9ciaux Qu\u00e9bec\" loading=\"lazy\" \/>\t\t\t\t\t<\/div>\n\t\t\t\t\n\t\t\t\t\t\t\t\t\t<h2 class=\"elementor-cta__title elementor-cta__content-item elementor-content-item\">\n\t\t\t\t\t\tOlympiques sp\u00e9ciaux du Qu\u00e9bec\t\t\t\t\t<\/h2>\n\t\t\t\t\n\t\t\t\t\t\t\t\t\t<div class=\"elementor-cta__description elementor-cta__content-item elementor-content-item\">\n\t\t\t\t\t\t<br>\t\t\t\t\t<\/div>\n\t\t\t\t\n\t\t\t\t\t\t\t\t\t<div class=\"elementor-cta__button-wrapper elementor-cta__content-item elementor-content-item \">\n\t\t\t\t\t<span class=\"elementor-cta__button elementor-button elementor-size-\">\n\t\t\t\t\t\tVisit the website <i class=\"fas fa-external-link-alt\"><\/i>\t\t\t\t\t<\/span>\n\t\t\t\t\t<\/div>\n\t\t\t\t\t\t\t<\/div>\n\t\t\t\t\t\t<\/a>\n\t\t\t\t\t\t<\/div>\n\t\t\t\t<\/div>\n\t\t\t\t<div class=\"elementor-element elementor-element-87f9a6c elementor-cta--valign-middle elementor-widget__width-initial elementor-widget-tablet__width-initial elementor-widget-mobile__width-initial elementor-hidden-desktop elementor-hidden-tablet elementor-hidden-phone elementor-cta--skin-classic elementor-animated-content elementor-widget elementor-widget-call-to-action\" data-id=\"87f9a6c\" data-element_type=\"widget\" data-e-type=\"widget\" data-widget_type=\"call-to-action.default\">\n\t\t\t\t<div class=\"elementor-widget-container\">\n\t\t\t\t\t\t\t<a class=\"elementor-cta\" href=\"https:\/\/ranq.qc.ca\/\" target=\"_blank\">\n\t\t\t\t\t\t\t<div class=\"elementor-cta__content\">\n\t\t\t\t\t\t\t\t\t<div class=\"elementor-content-item elementor-cta__content-item elementor-cta__image\">\n\t\t\t\t\t\t<img decoding=\"async\" src=\"https:\/\/collectifau.ca\/wp-content\/uploads\/elementor\/thumbs\/Copie-logo-RANQ-rfo3regd5jzy481ufyie9ksnf7em07zs82agxd32f4.png\" title=\"Copie logo RANQ\" alt=\"Logo du Regroupement des aidants naturels du Qu\u00e9bec.\" loading=\"lazy\" \/>\t\t\t\t\t<\/div>\n\t\t\t\t\n\t\t\t\t\t\t\t\t\t<h2 class=\"elementor-cta__title elementor-cta__content-item elementor-content-item\">\n\t\t\t\t\t\tRANQ\t\t\t\t\t<\/h2>\n\t\t\t\t\n\t\t\t\t\t\t\t\t\t<div class=\"elementor-cta__description elementor-cta__content-item elementor-content-item\">\n\t\t\t\t\t\tRegroupement des aidantes et aidants naturels du Qu\u00e9bec\t\t\t\t\t<\/div>\n\t\t\t\t\n\t\t\t\t\t\t\t\t\t<div class=\"elementor-cta__button-wrapper elementor-cta__content-item elementor-content-item \">\n\t\t\t\t\t<span class=\"elementor-cta__button elementor-button elementor-size-\">\n\t\t\t\t\t\tVisit the website <i class=\"fas fa-external-link-alt\"><\/i>\t\t\t\t\t<\/span>\n\t\t\t\t\t<\/div>\n\t\t\t\t\t\t\t<\/div>\n\t\t\t\t\t\t<\/a>\n\t\t\t\t\t\t<\/div>\n\t\t\t\t<\/div>\n\t\t\t\t<div class=\"elementor-element elementor-element-94715ad elementor-cta--valign-middle elementor-widget__width-initial elementor-widget-tablet__width-initial elementor-widget-mobile__width-initial elementor-hidden-desktop elementor-hidden-tablet elementor-hidden-phone elementor-cta--skin-classic elementor-animated-content elementor-widget elementor-widget-call-to-action\" data-id=\"94715ad\" data-element_type=\"widget\" data-e-type=\"widget\" data-widget_type=\"call-to-action.default\">\n\t\t\t\t<div class=\"elementor-widget-container\">\n\t\t\t\t\t\t\t<a class=\"elementor-cta\" href=\"https:\/\/www.ropphl.org\/\" target=\"_blank\">\n\t\t\t\t\t\t\t<div class=\"elementor-cta__content\">\n\t\t\t\t\t\t\t\t\t<div class=\"elementor-content-item elementor-cta__content-item elementor-cta__image\">\n\t\t\t\t\t\t<img decoding=\"async\" src=\"https:\/\/collectifau.ca\/wp-content\/uploads\/elementor\/thumbs\/Logo_ROPPHL_couleur-rfo3regd5jzy481ufyie9ksnf7em07zs82agxd32f4.jpg\" title=\"Le Regroupement des organismes de promotion de personnes handicap\u00e9es de Laval.\" alt=\"Le Regroupement des organismes de promotion de personnes handicap\u00e9es de Laval.\" loading=\"lazy\" \/>\t\t\t\t\t<\/div>\n\t\t\t\t\n\t\t\t\t\t\t\t\t\t<h2 class=\"elementor-cta__title elementor-cta__content-item elementor-content-item\">\n\t\t\t\t\t\tROPPHL\t\t\t\t\t<\/h2>\n\t\t\t\t\n\t\t\t\t\t\t\t\t\t<div class=\"elementor-cta__description elementor-cta__content-item elementor-content-item\">\n\t\t\t\t\t\tRegroupement des organismes de promotion de personnes handicap\u00e9es de Laval\t\t\t\t\t<\/div>\n\t\t\t\t\n\t\t\t\t\t\t\t\t\t<div class=\"elementor-cta__button-wrapper elementor-cta__content-item elementor-content-item \">\n\t\t\t\t\t<span class=\"elementor-cta__button elementor-button elementor-size-\">\n\t\t\t\t\t\tVisit the website <i class=\"fas fa-external-link-alt\"><\/i>\t\t\t\t\t<\/span>\n\t\t\t\t\t<\/div>\n\t\t\t\t\t\t\t<\/div>\n\t\t\t\t\t\t<\/a>\n\t\t\t\t\t\t<\/div>\n\t\t\t\t<\/div>\n\t\t\t\t<div class=\"elementor-element elementor-element-145cf03 elementor-cta--valign-middle elementor-widget__width-initial elementor-widget-tablet__width-initial elementor-widget-mobile__width-initial elementor-hidden-desktop elementor-hidden-tablet elementor-hidden-phone elementor-cta--skin-classic elementor-animated-content elementor-widget elementor-widget-call-to-action\" data-id=\"145cf03\" data-element_type=\"widget\" data-e-type=\"widget\" data-widget_type=\"call-to-action.default\">\n\t\t\t\t<div class=\"elementor-widget-container\">\n\t\t\t\t\t\t\t<a class=\"elementor-cta\" href=\"https:\/\/www.rutamtl.com\/\" target=\"_blank\">\n\t\t\t\t\t\t\t<div class=\"elementor-cta__content\">\n\t\t\t\t\t\t\t\t\t<div class=\"elementor-content-item elementor-cta__content-item elementor-cta__image\">\n\t\t\t\t\t\t<img decoding=\"async\" src=\"https:\/\/collectifau.ca\/wp-content\/uploads\/elementor\/thumbs\/ruta_mtl__logo-sans-fond-blanc-rfo3regd5jzy481ufyie9ksnf7em07zs82agxd32f4.png\" title=\"Logo du Regroupement des Usagers du Transport Adapt\u00e9 et accessible de l&#8217;\u00eele de Montr\u00e9al.\" alt=\"Logo du Regroupement des Usagers du Transport Adapt\u00e9 et accessible de l&#039;\u00eele de Montr\u00e9al.\" loading=\"lazy\" \/>\t\t\t\t\t<\/div>\n\t\t\t\t\n\t\t\t\t\t\t\t\t\t<h2 class=\"elementor-cta__title elementor-cta__content-item elementor-content-item\">\n\t\t\t\t\t\tRUTA Montr\u00e9al\t\t\t\t\t<\/h2>\n\t\t\t\t\n\t\t\t\t\t\t\t\t\t<div class=\"elementor-cta__description elementor-cta__content-item elementor-content-item\">\n\t\t\t\t\t\tRegroupement des Usagers du Transport Adapt\u00e9 et accessible de l\u2019\u00eele de Montr\u00e9al\t\t\t\t\t<\/div>\n\t\t\t\t\n\t\t\t\t\t\t\t\t\t<div class=\"elementor-cta__button-wrapper elementor-cta__content-item elementor-content-item \">\n\t\t\t\t\t<span class=\"elementor-cta__button elementor-button elementor-size-\">\n\t\t\t\t\t\tVisit the website <i class=\"fas fa-external-link-alt\"><\/i>\t\t\t\t\t<\/span>\n\t\t\t\t\t<\/div>\n\t\t\t\t\t\t\t<\/div>\n\t\t\t\t\t\t<\/a>\n\t\t\t\t\t\t<\/div>\n\t\t\t\t<\/div>\n\t\t\t\t<div class=\"elementor-element elementor-element-868b719 elementor-cta--valign-middle elementor-widget__width-initial elementor-widget-tablet__width-initial elementor-widget-mobile__width-initial elementor-cta--skin-classic elementor-animated-content elementor-widget elementor-widget-call-to-action\" data-id=\"868b719\" data-element_type=\"widget\" data-e-type=\"widget\" data-widget_type=\"call-to-action.default\">\n\t\t\t\t<div class=\"elementor-widget-container\">\n\t\t\t\t\t\t\t<a class=\"elementor-cta\" href=\"https:\/\/www.sansoublierlesourire.org\/\" target=\"_blank\">\n\t\t\t\t\t\t\t<div class=\"elementor-cta__content\">\n\t\t\t\t\t\t\t\t\t<div class=\"elementor-content-item elementor-cta__content-item elementor-cta__image\">\n\t\t\t\t\t\t<img decoding=\"async\" src=\"https:\/\/collectifau.ca\/wp-content\/uploads\/elementor\/thumbs\/Logo-S.O.S-rfo3regd5jzy481ufyie9ksnf7em07zs82agxd32f4.jpg\" title=\"Logo de Sans Oublier le Sourire\" alt=\"Logo de Sans Oublier le Sourire\" loading=\"lazy\" \/>\t\t\t\t\t<\/div>\n\t\t\t\t\n\t\t\t\t\t\t\t\t\t<h2 class=\"elementor-cta__title elementor-cta__content-item elementor-content-item\">\n\t\t\t\t\t\tS.O.S\t\t\t\t\t<\/h2>\n\t\t\t\t\n\t\t\t\t\t\t\t\t\t<div class=\"elementor-cta__description elementor-cta__content-item elementor-content-item\">\n\t\t\t\t\t\tSans Oublier le Sourire\t\t\t\t\t<\/div>\n\t\t\t\t\n\t\t\t\t\t\t\t\t\t<div class=\"elementor-cta__button-wrapper elementor-cta__content-item elementor-content-item \">\n\t\t\t\t\t<span class=\"elementor-cta__button elementor-button elementor-size-\">\n\t\t\t\t\t\tVisit the website <i class=\"fas fa-external-link-alt\"><\/i>\t\t\t\t\t<\/span>\n\t\t\t\t\t<\/div>\n\t\t\t\t\t\t\t<\/div>\n\t\t\t\t\t\t<\/a>\n\t\t\t\t\t\t<\/div>\n\t\t\t\t<\/div>\n\t\t\t\t<div class=\"elementor-element elementor-element-89472f4 elementor-cta--valign-middle elementor-widget__width-initial elementor-widget-tablet__width-initial elementor-widget-mobile__width-initial elementor-cta--skin-classic elementor-animated-content elementor-widget elementor-widget-call-to-action\" data-id=\"89472f4\" data-element_type=\"widget\" data-e-type=\"widget\" data-widget_type=\"call-to-action.default\">\n\t\t\t\t<div class=\"elementor-widget-container\">\n\t\t\t\t\t\t\t<a class=\"elementor-cta\" href=\"https:\/\/societeinclusive.ca\/\" target=\"_blank\">\n\t\t\t\t\t\t\t<div class=\"elementor-cta__content\">\n\t\t\t\t\t\t\t\t\t<div class=\"elementor-content-item elementor-cta__content-item elementor-cta__image\">\n\t\t\t\t\t\t<img decoding=\"async\" src=\"https:\/\/collectifau.ca\/wp-content\/uploads\/elementor\/thumbs\/logo_socie\u0301te\u0301-inclusive-rfo3regd5jzy481ufyie9ksnf7em07zs82agxd32f4.jpg\" title=\"Logo Soci\u00e9t\u00e9 inclusive\" alt=\"Logo Soci\u00e9t\u00e9 inclusive\" loading=\"lazy\" \/>\t\t\t\t\t<\/div>\n\t\t\t\t\n\t\t\t\t\t\t\t\t\t<h2 class=\"elementor-cta__title elementor-cta__content-item elementor-content-item\">\n\t\t\t\t\t\tSoci\u00e9t\u00e9 inclusive\t\t\t\t\t<\/h2>\n\t\t\t\t\n\t\t\t\t\t\t\t\t\t<div class=\"elementor-cta__description elementor-cta__content-item elementor-content-item\">\n\t\t\t\t\t\tFavoriser la cr\u00e9ation d\u2019environnements physiques et sociaux plus inclusifs\t\t\t\t\t<\/div>\n\t\t\t\t\n\t\t\t\t\t\t\t\t\t<div class=\"elementor-cta__button-wrapper elementor-cta__content-item elementor-content-item \">\n\t\t\t\t\t<span class=\"elementor-cta__button elementor-button elementor-size-\">\n\t\t\t\t\t\tVisit the website <i class=\"fas fa-external-link-alt\"><\/i>\t\t\t\t\t<\/span>\n\t\t\t\t\t<\/div>\n\t\t\t\t\t\t\t<\/div>\n\t\t\t\t\t\t<\/a>\n\t\t\t\t\t\t<\/div>\n\t\t\t\t<\/div>\n\t\t\t\t<div class=\"elementor-element elementor-element-46ad443 elementor-cta--valign-middle elementor-widget__width-initial elementor-widget-tablet__width-initial elementor-widget-mobile__width-initial elementor-hidden-desktop elementor-hidden-tablet elementor-hidden-phone elementor-cta--skin-classic elementor-animated-content elementor-widget elementor-widget-call-to-action\" data-id=\"46ad443\" data-element_type=\"widget\" data-e-type=\"widget\" data-widget_type=\"call-to-action.default\">\n\t\t\t\t<div class=\"elementor-widget-container\">\n\t\t\t\t\t\t\t<a class=\"elementor-cta\" href=\"https:\/\/societelogique.org\/\" target=\"_blank\">\n\t\t\t\t\t\t\t<div class=\"elementor-cta__content\">\n\t\t\t\t\t\t\t\t\t<div class=\"elementor-content-item elementor-cta__content-item elementor-cta__image\">\n\t\t\t\t\t\t<img decoding=\"async\" src=\"https:\/\/collectifau.ca\/wp-content\/uploads\/elementor\/thumbs\/Copie-logo-Societe-Logique-rfo3regd5jzy481ufyie9ksnf7em07zs82agxd32f4.png\" title=\"Logo Soci\u00e9t\u00e9 Logique : design universel. universal design.\" alt=\"Logo Soci\u00e9t\u00e9 Logique : design universel. universal design.\" loading=\"lazy\" \/>\t\t\t\t\t<\/div>\n\t\t\t\t\n\t\t\t\t\t\t\t\t\t<h2 class=\"elementor-cta__title elementor-cta__content-item elementor-content-item\">\n\t\t\t\t\t\tSoci\u00e9t\u00e9 logique\t\t\t\t\t<\/h2>\n\t\t\t\t\n\t\t\t\t\n\t\t\t\t\t\t\t\t\t<div class=\"elementor-cta__button-wrapper elementor-cta__content-item elementor-content-item \">\n\t\t\t\t\t<span class=\"elementor-cta__button elementor-button elementor-size-\">\n\t\t\t\t\t\tVisit the website <i class=\"fas fa-external-link-alt\"><\/i>\t\t\t\t\t<\/span>\n\t\t\t\t\t<\/div>\n\t\t\t\t\t\t\t<\/div>\n\t\t\t\t\t\t<\/a>\n\t\t\t\t\t\t<\/div>\n\t\t\t\t<\/div>\n\t\t\t\t<div class=\"elementor-element elementor-element-8833f7c elementor-cta--valign-middle elementor-widget__width-initial elementor-widget-tablet__width-initial elementor-widget-mobile__width-initial elementor-cta--skin-classic elementor-animated-content elementor-widget elementor-widget-call-to-action\" data-id=\"8833f7c\" data-element_type=\"widget\" data-e-type=\"widget\" data-widget_type=\"call-to-action.default\">\n\t\t\t\t<div class=\"elementor-widget-container\">\n\t\t\t\t\t\t\t<a class=\"elementor-cta\" href=\"https:\/\/theatreaphasique.org\/\" target=\"_blank\">\n\t\t\t\t\t\t\t<div class=\"elementor-cta__content\">\n\t\t\t\t\t\t\t\t\t<div class=\"elementor-content-item elementor-cta__content-item elementor-cta__image\">\n\t\t\t\t\t\t<img decoding=\"async\" src=\"https:\/\/collectifau.ca\/wp-content\/uploads\/elementor\/thumbs\/The\u0301a\u0302tre-aphasique-rfo3regd5jzy481ufyie9ksnf7em07zs82agxd32f4.jpg\" title=\"Logo du Th\u00e9\u00e2tre Aphasique\" alt=\"Logo du Th\u00e9\u00e2tre Aphasique\" loading=\"lazy\" \/>\t\t\t\t\t<\/div>\n\t\t\t\t\n\t\t\t\t\t\t\t\t\t<h2 class=\"elementor-cta__title elementor-cta__content-item elementor-content-item\">\n\t\t\t\t\t\tTh\u00e9\u00e2tre aphasique\t\t\t\t\t<\/h2>\n\t\t\t\t\n\t\t\t\t\n\t\t\t\t\t\t\t\t\t<div class=\"elementor-cta__button-wrapper elementor-cta__content-item elementor-content-item \">\n\t\t\t\t\t<span class=\"elementor-cta__button elementor-button elementor-size-\">\n\t\t\t\t\t\tVisit the website <i class=\"fas fa-external-link-alt\"><\/i>\t\t\t\t\t<\/span>\n\t\t\t\t\t<\/div>\n\t\t\t\t\t\t\t<\/div>\n\t\t\t\t\t\t<\/a>\n\t\t\t\t\t\t<\/div>\n\t\t\t\t<\/div>\n\t\t\t\t<div class=\"elementor-element elementor-element-b1ee352 elementor-cta--valign-middle elementor-widget__width-initial elementor-widget-tablet__width-initial elementor-widget-mobile__width-initial elementor-hidden-desktop elementor-hidden-tablet elementor-hidden-phone elementor-cta--skin-classic elementor-animated-content elementor-widget elementor-widget-call-to-action\" data-id=\"b1ee352\" data-element_type=\"widget\" data-e-type=\"widget\" data-widget_type=\"call-to-action.default\">\n\t\t\t\t<div class=\"elementor-widget-container\">\n\t\t\t\t\t\t\t<a class=\"elementor-cta\" href=\"https:\/\/www.beaconsfieldbiblio.ca\/client\/fr_CA\/francais\" target=\"_blank\">\n\t\t\t\t\t\t\t<div class=\"elementor-cta__content\">\n\t\t\t\t\t\t\t\t\t<div class=\"elementor-content-item elementor-cta__content-item elementor-cta__image\">\n\t\t\t\t\t\t<img decoding=\"async\" src=\"https:\/\/collectifau.ca\/wp-content\/uploads\/elementor\/thumbs\/Copie-logo-Ville-Beaconsfield-rfo3regd5jzy481ufyie9ksnf7em07zs82agxd32f4.png\" title=\"Logo de la ville de Beaconsfield\" alt=\"Logo de la ville de Beaconsfield\" loading=\"lazy\" \/>\t\t\t\t\t<\/div>\n\t\t\t\t\n\t\t\t\t\t\t\t\t\t<h2 class=\"elementor-cta__title elementor-cta__content-item elementor-content-item\">\n\t\t\t\t\t\tVille de Beaconsfield\t\t\t\t\t<\/h2>\n\t\t\t\t\n\t\t\t\t\t\t\t\t\t<div class=\"elementor-cta__description elementor-cta__content-item elementor-content-item\">\n\t\t\t\t\t\tBiblioth\u00e8que<br><br>\t\t\t\t\t<\/div>\n\t\t\t\t\n\t\t\t\t\t\t\t\t\t<div class=\"elementor-cta__button-wrapper elementor-cta__content-item elementor-content-item \">\n\t\t\t\t\t<span class=\"elementor-cta__button elementor-button elementor-size-\">\n\t\t\t\t\t\tVisit the website <i class=\"fas fa-external-link-alt\"><\/i>\t\t\t\t\t<\/span>\n\t\t\t\t\t<\/div>\n\t\t\t\t\t\t\t<\/div>\n\t\t\t\t\t\t<\/a>\n\t\t\t\t\t\t<\/div>\n\t\t\t\t<\/div>\n\t\t\t\t<div class=\"elementor-element elementor-element-b036915 elementor-cta--valign-middle elementor-widget__width-initial elementor-widget-tablet__width-initial elementor-widget-mobile__width-initial elementor-hidden-desktop elementor-hidden-tablet elementor-hidden-phone elementor-cta--skin-classic elementor-animated-content elementor-widget elementor-widget-call-to-action\" data-id=\"b036915\" data-element_type=\"widget\" data-e-type=\"widget\" data-widget_type=\"call-to-action.default\">\n\t\t\t\t<div class=\"elementor-widget-container\">\n\t\t\t\t\t\t\t<a class=\"elementor-cta\" href=\"https:\/\/www.laval.ca\/\" target=\"_blank\">\n\t\t\t\t\t\t\t<div class=\"elementor-cta__content\">\n\t\t\t\t\t\t\t\t\t<div class=\"elementor-content-item elementor-cta__content-item elementor-cta__image\">\n\t\t\t\t\t\t<img decoding=\"async\" src=\"https:\/\/collectifau.ca\/wp-content\/uploads\/elementor\/thumbs\/Copie-logo-Ville-Laval-rfo3regd5jzy481ufyie9ksnf7em07zs82agxd32f4.png\" title=\"Logo de la Ville de Laval\" alt=\"Logo de la Ville de Laval\" loading=\"lazy\" \/>\t\t\t\t\t<\/div>\n\t\t\t\t\n\t\t\t\t\t\t\t\t\t<h2 class=\"elementor-cta__title elementor-cta__content-item elementor-content-item\">\n\t\t\t\t\t\tVille de Laval\t\t\t\t\t<\/h2>\n\t\t\t\t\n\t\t\t\t\t\t\t\t\t<div class=\"elementor-cta__description elementor-cta__content-item elementor-content-item\">\n\t\t\t\t\t\t<br><br>\t\t\t\t\t<\/div>\n\t\t\t\t\n\t\t\t\t\t\t\t\t\t<div class=\"elementor-cta__button-wrapper elementor-cta__content-item elementor-content-item \">\n\t\t\t\t\t<span class=\"elementor-cta__button elementor-button elementor-size-\">\n\t\t\t\t\t\tVisit the website <i class=\"fas fa-external-link-alt\"><\/i>\t\t\t\t\t<\/span>\n\t\t\t\t\t<\/div>\n\t\t\t\t\t\t\t<\/div>\n\t\t\t\t\t\t<\/a>\n\t\t\t\t\t\t<\/div>\n\t\t\t\t<\/div>\n\t\t\t\t<div class=\"elementor-element elementor-element-b1ba11c elementor-cta--valign-middle elementor-widget__width-initial elementor-widget-tablet__width-initial elementor-widget-mobile__width-initial elementor-cta--skin-classic elementor-animated-content elementor-widget elementor-widget-call-to-action\" data-id=\"b1ba11c\" data-element_type=\"widget\" data-e-type=\"widget\" data-widget_type=\"call-to-action.default\">\n\t\t\t\t<div class=\"elementor-widget-container\">\n\t\t\t\t\t\t\t<a class=\"elementor-cta\" href=\"https:\/\/montreal.ca\/\" target=\"_blank\">\n\t\t\t\t\t\t\t<div class=\"elementor-cta__content\">\n\t\t\t\t\t\t\t\t\t<div class=\"elementor-content-item elementor-cta__content-item elementor-cta__image\">\n\t\t\t\t\t\t<img decoding=\"async\" src=\"https:\/\/collectifau.ca\/wp-content\/uploads\/elementor\/thumbs\/JPGnr_Ville-de-Mtl-rfo3regd5jzy481ufyie9ksnf7em07zs82agxd32f4.jpg\" title=\"JPGnr_Ville de Mtl\" alt=\"Logo de la Ville de Montr\u00e9al : \u00ab Montr\u00e9al \u00bb et fleur \u00e0 quatre p\u00e9tales\" loading=\"lazy\" \/>\t\t\t\t\t<\/div>\n\t\t\t\t\n\t\t\t\t\t\t\t\t\t<h2 class=\"elementor-cta__title elementor-cta__content-item elementor-content-item\">\n\t\t\t\t\t\tVille de Montr\u00e9al\t\t\t\t\t<\/h2>\n\t\t\t\t\n\t\t\t\t\n\t\t\t\t\t\t\t\t\t<div class=\"elementor-cta__button-wrapper elementor-cta__content-item elementor-content-item \">\n\t\t\t\t\t<span class=\"elementor-cta__button elementor-button elementor-size-\">\n\t\t\t\t\t\tVisit the website <i class=\"fas fa-external-link-alt\"><\/i>\t\t\t\t\t<\/span>\n\t\t\t\t\t<\/div>\n\t\t\t\t\t\t\t<\/div>\n\t\t\t\t\t\t<\/a>\n\t\t\t\t\t\t<\/div>\n\t\t\t\t<\/div>\n\t\t\t\t<div class=\"elementor-element elementor-element-3714b10 elementor-cta--valign-middle elementor-widget__width-initial elementor-widget-tablet__width-initial elementor-widget-mobile__width-initial elementor-hidden-desktop elementor-hidden-tablet elementor-hidden-mobile elementor-cta--skin-classic elementor-animated-content elementor-widget elementor-widget-call-to-action\" data-id=\"3714b10\" data-element_type=\"widget\" data-e-type=\"widget\" data-widget_type=\"call-to-action.default\">\n\t\t\t\t<div class=\"elementor-widget-container\">\n\t\t\t\t\t\t\t<a class=\"elementor-cta\" href=\"https:\/\/zlm.qc.ca\/\" target=\"_blank\">\n\t\t\t\t\t\t\t<div class=\"elementor-cta__content\">\n\t\t\t\t\t\t\t\t\t<div class=\"elementor-content-item elementor-cta__content-item elementor-cta__image\">\n\t\t\t\t\t\t<img decoding=\"async\" src=\"https:\/\/collectifau.ca\/wp-content\/uploads\/2021\/05\/logo_ZLM_horizontal.jpg\" title=\"Logo Zone Loisir Mont\u00e9r\u00e9gie\" alt=\"Logo Zone Loisir Mont\u00e9r\u00e9gie\" loading=\"lazy\" \/>\t\t\t\t\t<\/div>\n\t\t\t\t\n\t\t\t\t\t\t\t\t\t<h2 class=\"elementor-cta__title elementor-cta__content-item elementor-content-item\">\n\t\t\t\t\t\tZone Loisir Mont\u00e9r\u00e9gie\t\t\t\t\t<\/h2>\n\t\t\t\t\n\t\t\t\t\n\t\t\t\t\t\t\t\t\t<div class=\"elementor-cta__button-wrapper elementor-cta__content-item elementor-content-item \">\n\t\t\t\t\t<span class=\"elementor-cta__button elementor-button elementor-size-\">\n\t\t\t\t\t\tVisit the website <i class=\"fas fa-external-link-alt\"><\/i>\t\t\t\t\t<\/span>\n\t\t\t\t\t<\/div>\n\t\t\t\t\t\t\t<\/div>\n\t\t\t\t\t\t<\/a>\n\t\t\t\t\t\t<\/div>\n\t\t\t\t<\/div>\n\t\t\t\t<div class=\"elementor-element elementor-element-b0be8ac elementor-cta--valign-middle elementor-widget__width-initial elementor-widget-tablet__width-initial elementor-widget-mobile__width-initial elementor-hidden-desktop elementor-hidden-tablet elementor-hidden-mobile elementor-cta--skin-classic elementor-animated-content elementor-widget elementor-widget-call-to-action\" data-id=\"b0be8ac\" data-element_type=\"widget\" data-e-type=\"widget\" data-widget_type=\"call-to-action.default\">\n\t\t\t\t<div class=\"elementor-widget-container\">\n\t\t\t\t\t\t\t<div class=\"elementor-cta\">\n\t\t\t\t\t\t\t<div class=\"elementor-cta__content\">\n\t\t\t\t\t\t\t\t\t<div class=\"elementor-content-item elementor-cta__content-item elementor-cta__image\">\n\t\t\t\t\t\t<img decoding=\"async\" src=\"https:\/\/collectifau.ca\/wp-content\/uploads\/elementor\/thumbs\/2H-Harmonie-Handicap-rfo3regederxcyc5e0fljyz05guvn9mk12hdgecbu0.png\" title=\"2H Harmonie Handicap\" alt=\"2H Harmonie Handicap\" loading=\"lazy\" \/>\t\t\t\t\t<\/div>\n\t\t\t\t\n\t\t\t\t\t\t\t\t\t<h2 class=\"elementor-cta__title elementor-cta__content-item elementor-content-item\">\n\t\t\t\t\t\t2H Harmonie Handicap\t\t\t\t\t<\/h2>\n\t\t\t\t\n\t\t\t\t\n\t\t\t\t\t\t\t<\/div>\n\t\t\t\t\t\t<\/div>\n\t\t\t\t\t\t<\/div>\n\t\t\t\t<\/div>\n\t\t\t\t\t<\/div>\n\t\t<\/div>\n\t\t\t\t\t<\/div>\n\t\t<\/section>\n\t\t\t\t<\/div>\n\t\t","protected":false},"excerpt":{"rendered":"<p>AILIA Association d&#8217;information en logements et immeubles adapt\u00e9s Visit the website ALPHA Association d&#8217;entraide des personnes handicap\u00e9es physiques de Montr\u00e9al Visit the website AQEPA Association du Qu\u00e9bec pour Enfants avec Probl\u00e8mes Auditifs Montr\u00e9al R\u00e9gional Visit the website AQPA Association qu\u00e9b\u00e9coise des personnes aphasiques Visit the website Arrondissement Anjou Visit the website Arrondissement Mercier-Hochelaga maisonneuve Visit [&hellip;]<\/p>\n","protected":false},"author":2,"featured_media":792,"parent":0,"menu_order":0,"comment_status":"closed","ping_status":"closed","template":"","meta":{"_acf_changed":false,"footnotes":""},"class_list":["post-1219","page","type-page","status-publish","has-post-thumbnail","hentry"],"acf":[],"yoast_head":"<!-- This site is optimized with the Yoast SEO plugin v27.5 - https:\/\/yoast.com\/product\/yoast-seo-wordpress\/ -->\n<title>Member organizations - Collectif accessibilit\u00e9 universelle Venez voir nos membres.<\/title>\n<meta name=\"description\" content=\"Venez voir tous nos organisme et membres visant \u00e0 promouvoir l\u2019accessibilit\u00e9 universelle \u00e0 l\u2019\u00e9chelle du Grand Montr\u00e9al.\" \/>\n<meta name=\"robots\" content=\"index, follow, max-snippet:-1, max-image-preview:large, max-video-preview:-1\" \/>\n<link rel=\"canonical\" href=\"https:\/\/collectifau.ca\/organismes-membres\/\" \/>\n<meta property=\"og:locale\" content=\"en_US\" \/>\n<meta property=\"og:type\" content=\"article\" \/>\n<meta property=\"og:title\" content=\"Member organizations - Collectif accessibilit\u00e9 universelle Venez voir nos membres.\" \/>\n<meta property=\"og:description\" content=\"Venez voir tous nos organisme et membres visant \u00e0 promouvoir l\u2019accessibilit\u00e9 universelle \u00e0 l\u2019\u00e9chelle du Grand Montr\u00e9al.\" \/>\n<meta property=\"og:url\" content=\"https:\/\/collectifau.ca\/organismes-membres\/\" \/>\n<meta property=\"og:site_name\" content=\"Collectif accessibilit\u00e9 universelle\" \/>\n<meta property=\"article:publisher\" content=\"https:\/\/www.facebook.com\/CollectifAU\" \/>\n<meta property=\"article:modified_time\" content=\"2025-06-30T15:39:14+00:00\" \/>\n<meta property=\"og:image\" content=\"https:\/\/collectifau.ca\/wp-content\/uploads\/2021\/05\/20180509_Tandem_Msh_Frederic_Gauthier_Real_Gauthier\u00a9Asamm-48.jpg\" \/>\n\t<meta property=\"og:image:width\" content=\"1200\" \/>\n\t<meta property=\"og:image:height\" content=\"800\" \/>\n\t<meta property=\"og:image:type\" content=\"image\/jpeg\" \/>\n<meta name=\"twitter:card\" content=\"summary_large_image\" \/>\n<meta name=\"twitter:label1\" content=\"Est. reading time\" \/>\n\t<meta name=\"twitter:data1\" content=\"11 minutes\" \/>\n<script type=\"application\/ld+json\" class=\"yoast-schema-graph\">{\"@context\":\"https:\\\/\\\/schema.org\",\"@graph\":[{\"@type\":\"WebPage\",\"@id\":\"https:\\\/\\\/collectifau.ca\\\/organismes-membres\\\/\",\"url\":\"https:\\\/\\\/collectifau.ca\\\/organismes-membres\\\/\",\"name\":\"Member organizations - Collectif accessibilit\u00e9 universelle Venez voir nos membres.\",\"isPartOf\":{\"@id\":\"https:\\\/\\\/collectifau.ca\\\/#website\"},\"primaryImageOfPage\":{\"@id\":\"https:\\\/\\\/collectifau.ca\\\/organismes-membres\\\/#primaryimage\"},\"image\":{\"@id\":\"https:\\\/\\\/collectifau.ca\\\/organismes-membres\\\/#primaryimage\"},\"thumbnailUrl\":\"https:\\\/\\\/collectifau.ca\\\/wp-content\\\/uploads\\\/2021\\\/05\\\/20180509_Tandem_Msh_Frederic_Gauthier_Real_Gauthier\u00a9Asamm-48.jpg\",\"datePublished\":\"2021-05-17T16:45:23+00:00\",\"dateModified\":\"2025-06-30T15:39:14+00:00\",\"description\":\"Venez voir tous nos organisme et membres visant \u00e0 promouvoir l\u2019accessibilit\u00e9 universelle \u00e0 l\u2019\u00e9chelle du Grand Montr\u00e9al.\",\"breadcrumb\":{\"@id\":\"https:\\\/\\\/collectifau.ca\\\/organismes-membres\\\/#breadcrumb\"},\"inLanguage\":\"en-CA\",\"potentialAction\":[{\"@type\":\"ReadAction\",\"target\":[\"https:\\\/\\\/collectifau.ca\\\/organismes-membres\\\/\"]}]},{\"@type\":\"ImageObject\",\"inLanguage\":\"en-CA\",\"@id\":\"https:\\\/\\\/collectifau.ca\\\/organismes-membres\\\/#primaryimage\",\"url\":\"https:\\\/\\\/collectifau.ca\\\/wp-content\\\/uploads\\\/2021\\\/05\\\/20180509_Tandem_Msh_Frederic_Gauthier_Real_Gauthier\u00a9Asamm-48.jpg\",\"contentUrl\":\"https:\\\/\\\/collectifau.ca\\\/wp-content\\\/uploads\\\/2021\\\/05\\\/20180509_Tandem_Msh_Frederic_Gauthier_Real_Gauthier\u00a9Asamm-48.jpg\",\"width\":1200,\"height\":800,\"caption\":\"Un homme ayant une d\u00e9ficience visuelle fait du v\u00e9lo tandem \u00e0 l\u2019ext\u00e9rieur avec un guide.\"},{\"@type\":\"BreadcrumbList\",\"@id\":\"https:\\\/\\\/collectifau.ca\\\/organismes-membres\\\/#breadcrumb\",\"itemListElement\":[{\"@type\":\"ListItem\",\"position\":1,\"name\":\"Accueil\",\"item\":\"https:\\\/\\\/collectifau.ca\\\/en\\\/\"},{\"@type\":\"ListItem\",\"position\":2,\"name\":\"Member organizations\"}]},{\"@type\":\"WebSite\",\"@id\":\"https:\\\/\\\/collectifau.ca\\\/#website\",\"url\":\"https:\\\/\\\/collectifau.ca\\\/\",\"name\":\"Collectif Accessibilit\u00e9 universelle\",\"description\":\"\",\"potentialAction\":[{\"@type\":\"SearchAction\",\"target\":{\"@type\":\"EntryPoint\",\"urlTemplate\":\"https:\\\/\\\/collectifau.ca\\\/?s={search_term_string}\"},\"query-input\":{\"@type\":\"PropertyValueSpecification\",\"valueRequired\":true,\"valueName\":\"search_term_string\"}}],\"inLanguage\":\"en-CA\"}]}<\/script>\n<!-- \/ Yoast SEO plugin. -->","yoast_head_json":{"title":"Member organizations - Collectif accessibilit\u00e9 universelle Venez voir nos membres.","description":"Venez voir tous nos organisme et membres visant \u00e0 promouvoir l\u2019accessibilit\u00e9 universelle \u00e0 l\u2019\u00e9chelle du Grand Montr\u00e9al.","robots":{"index":"index","follow":"follow","max-snippet":"max-snippet:-1","max-image-preview":"max-image-preview:large","max-video-preview":"max-video-preview:-1"},"canonical":"https:\/\/collectifau.ca\/organismes-membres\/","og_locale":"en_US","og_type":"article","og_title":"Member organizations - Collectif accessibilit\u00e9 universelle Venez voir nos membres.","og_description":"Venez voir tous nos organisme et membres visant \u00e0 promouvoir l\u2019accessibilit\u00e9 universelle \u00e0 l\u2019\u00e9chelle du Grand Montr\u00e9al.","og_url":"https:\/\/collectifau.ca\/organismes-membres\/","og_site_name":"Collectif accessibilit\u00e9 universelle","article_publisher":"https:\/\/www.facebook.com\/CollectifAU","article_modified_time":"2025-06-30T15:39:14+00:00","og_image":[{"width":1200,"height":800,"url":"https:\/\/collectifau.ca\/wp-content\/uploads\/2021\/05\/20180509_Tandem_Msh_Frederic_Gauthier_Real_Gauthier\u00a9Asamm-48.jpg","type":"image\/jpeg"}],"twitter_card":"summary_large_image","twitter_misc":{"Est. reading time":"11 minutes"},"schema":{"@context":"https:\/\/schema.org","@graph":[{"@type":"WebPage","@id":"https:\/\/collectifau.ca\/organismes-membres\/","url":"https:\/\/collectifau.ca\/organismes-membres\/","name":"Member organizations - Collectif accessibilit\u00e9 universelle Venez voir nos membres.","isPartOf":{"@id":"https:\/\/collectifau.ca\/#website"},"primaryImageOfPage":{"@id":"https:\/\/collectifau.ca\/organismes-membres\/#primaryimage"},"image":{"@id":"https:\/\/collectifau.ca\/organismes-membres\/#primaryimage"},"thumbnailUrl":"https:\/\/collectifau.ca\/wp-content\/uploads\/2021\/05\/20180509_Tandem_Msh_Frederic_Gauthier_Real_Gauthier\u00a9Asamm-48.jpg","datePublished":"2021-05-17T16:45:23+00:00","dateModified":"2025-06-30T15:39:14+00:00","description":"Venez voir tous nos organisme et membres visant \u00e0 promouvoir l\u2019accessibilit\u00e9 universelle \u00e0 l\u2019\u00e9chelle du Grand Montr\u00e9al.","breadcrumb":{"@id":"https:\/\/collectifau.ca\/organismes-membres\/#breadcrumb"},"inLanguage":"en-CA","potentialAction":[{"@type":"ReadAction","target":["https:\/\/collectifau.ca\/organismes-membres\/"]}]},{"@type":"ImageObject","inLanguage":"en-CA","@id":"https:\/\/collectifau.ca\/organismes-membres\/#primaryimage","url":"https:\/\/collectifau.ca\/wp-content\/uploads\/2021\/05\/20180509_Tandem_Msh_Frederic_Gauthier_Real_Gauthier\u00a9Asamm-48.jpg","contentUrl":"https:\/\/collectifau.ca\/wp-content\/uploads\/2021\/05\/20180509_Tandem_Msh_Frederic_Gauthier_Real_Gauthier\u00a9Asamm-48.jpg","width":1200,"height":800,"caption":"Un homme ayant une d\u00e9ficience visuelle fait du v\u00e9lo tandem \u00e0 l\u2019ext\u00e9rieur avec un guide."},{"@type":"BreadcrumbList","@id":"https:\/\/collectifau.ca\/organismes-membres\/#breadcrumb","itemListElement":[{"@type":"ListItem","position":1,"name":"Accueil","item":"https:\/\/collectifau.ca\/en\/"},{"@type":"ListItem","position":2,"name":"Member organizations"}]},{"@type":"WebSite","@id":"https:\/\/collectifau.ca\/#website","url":"https:\/\/collectifau.ca\/","name":"Collectif Accessibilit\u00e9 universelle","description":"","potentialAction":[{"@type":"SearchAction","target":{"@type":"EntryPoint","urlTemplate":"https:\/\/collectifau.ca\/?s={search_term_string}"},"query-input":{"@type":"PropertyValueSpecification","valueRequired":true,"valueName":"search_term_string"}}],"inLanguage":"en-CA"}]}},"_links":{"self":[{"href":"https:\/\/collectifau.ca\/en\/wp-json\/wp\/v2\/pages\/1219","targetHints":{"allow":["GET"]}}],"collection":[{"href":"https:\/\/collectifau.ca\/en\/wp-json\/wp\/v2\/pages"}],"about":[{"href":"https:\/\/collectifau.ca\/en\/wp-json\/wp\/v2\/types\/page"}],"author":[{"embeddable":true,"href":"https:\/\/collectifau.ca\/en\/wp-json\/wp\/v2\/users\/2"}],"replies":[{"embeddable":true,"href":"https:\/\/collectifau.ca\/en\/wp-json\/wp\/v2\/comments?post=1219"}],"version-history":[{"count":0,"href":"https:\/\/collectifau.ca\/en\/wp-json\/wp\/v2\/pages\/1219\/revisions"}],"wp:featuredmedia":[{"embeddable":true,"href":"https:\/\/collectifau.ca\/en\/wp-json\/wp\/v2\/media\/792"}],"wp:attachment":[{"href":"https:\/\/collectifau.ca\/en\/wp-json\/wp\/v2\/media?parent=1219"}],"curies":[{"name":"wp","href":"https:\/\/api.w.org\/{rel}","templated":true}]}}