{"id":1207,"date":"2021-05-17T16:46:55","date_gmt":"2021-05-17T16:46:55","guid":{"rendered":"https:\/\/collectifau.ca\/declaration\/"},"modified":"2021-12-13T21:21:37","modified_gmt":"2021-12-13T21:21:37","slug":"sign-the-declaration","status":"publish","type":"page","link":"https:\/\/collectifau.ca\/en\/sign-the-declaration\/","title":{"rendered":"Sign the declaration"},"content":{"rendered":"\t\t<div data-elementor-type=\"wp-page\" data-elementor-id=\"1207\" class=\"elementor elementor-1207 elementor-39\" data-elementor-post-type=\"page\">\n\t\t\t\t\t\t<section class=\"elementor-section elementor-top-section elementor-element elementor-element-50a14da elementor-section-boxed elementor-section-height-default elementor-section-height-default\" data-id=\"50a14da\" data-element_type=\"section\" data-e-type=\"section\" data-settings=\"{&quot;jet_parallax_layout_list&quot;:[{&quot;jet_parallax_layout_image&quot;:{&quot;url&quot;:&quot;&quot;,&quot;id&quot;:&quot;&quot;,&quot;size&quot;:&quot;&quot;},&quot;_id&quot;:&quot;2d7d761&quot;,&quot;jet_parallax_layout_image_tablet&quot;:{&quot;url&quot;:&quot;&quot;,&quot;id&quot;:&quot;&quot;,&quot;size&quot;:&quot;&quot;},&quot;jet_parallax_layout_image_mobile&quot;:{&quot;url&quot;:&quot;&quot;,&quot;id&quot;:&quot;&quot;,&quot;size&quot;:&quot;&quot;},&quot;jet_parallax_layout_speed&quot;:{&quot;unit&quot;:&quot;%&quot;,&quot;size&quot;:50,&quot;sizes&quot;:[]},&quot;jet_parallax_layout_type&quot;:&quot;scroll&quot;,&quot;jet_parallax_layout_direction&quot;:null,&quot;jet_parallax_layout_fx_direction&quot;:null,&quot;jet_parallax_layout_z_index&quot;:&quot;&quot;,&quot;jet_parallax_layout_bg_x&quot;:50,&quot;jet_parallax_layout_bg_x_tablet&quot;:&quot;&quot;,&quot;jet_parallax_layout_bg_x_mobile&quot;:&quot;&quot;,&quot;jet_parallax_layout_bg_y&quot;:50,&quot;jet_parallax_layout_bg_y_tablet&quot;:&quot;&quot;,&quot;jet_parallax_layout_bg_y_mobile&quot;:&quot;&quot;,&quot;jet_parallax_layout_bg_size&quot;:&quot;auto&quot;,&quot;jet_parallax_layout_bg_size_tablet&quot;:&quot;&quot;,&quot;jet_parallax_layout_bg_size_mobile&quot;:&quot;&quot;,&quot;jet_parallax_layout_animation_prop&quot;:&quot;transform&quot;,&quot;jet_parallax_layout_on&quot;:[&quot;desktop&quot;,&quot;tablet&quot;]}]}\">\n\t\t\t\t\t\t<div class=\"elementor-container elementor-column-gap-default\">\n\t\t\t\t\t<div class=\"elementor-column elementor-col-50 elementor-top-column elementor-element elementor-element-de0ca9c\" data-id=\"de0ca9c\" data-element_type=\"column\" data-e-type=\"column\" data-settings=\"{&quot;background_background&quot;:&quot;gradient&quot;}\">\n\t\t\t<div class=\"elementor-widget-wrap elementor-element-populated\">\n\t\t\t\t\t\t<div class=\"elementor-element elementor-element-b625cc7 elementor-widget elementor-widget-heading\" data-id=\"b625cc7\" data-element_type=\"widget\" data-e-type=\"widget\" data-widget_type=\"heading.default\">\n\t\t\t\t<div class=\"elementor-widget-container\">\n\t\t\t\t\t<h2 class=\"elementor-heading-title elementor-size-default\">Considering that:<\/h2>\t\t\t\t<\/div>\n\t\t\t\t<\/div>\n\t\t\t\t<div class=\"elementor-element elementor-element-fcc69d5 elementor-icon-list--layout-traditional elementor-list-item-link-full_width elementor-widget elementor-widget-icon-list\" data-id=\"fcc69d5\" data-element_type=\"widget\" data-e-type=\"widget\" data-widget_type=\"icon-list.default\">\n\t\t\t\t<div class=\"elementor-widget-container\">\n\t\t\t\t\t\t\t<ul class=\"elementor-icon-list-items\">\n\t\t\t\t\t\t\t<li class=\"elementor-icon-list-item\">\n\t\t\t\t\t\t\t\t\t\t\t<span class=\"elementor-icon-list-icon\">\n\t\t\t\t\t\t\t<i aria-hidden=\"true\" class=\"fas fa-arrow-right\"><\/i>\t\t\t\t\t\t<\/span>\n\t\t\t\t\t\t\t\t\t\t<span class=\"elementor-icon-list-text\"><b>33% of Quebecers<\/b> aged 15 and over report having difficulty performing certain daily activities due to a temporary or permanent functional limitation.<\/span>\n\t\t\t\t\t\t\t\t\t<\/li>\n\t\t\t\t\t\t\t\t<li class=\"elementor-icon-list-item\">\n\t\t\t\t\t\t\t\t\t\t\t<span class=\"elementor-icon-list-icon\">\n\t\t\t\t\t\t\t<i aria-hidden=\"true\" class=\"fas fa-arrow-right\"><\/i>\t\t\t\t\t\t<\/span>\n\t\t\t\t\t\t\t\t\t\t<span class=\"elementor-icon-list-text\"><b>In February 2019,<\/b> a L\u00e9ger survey commissioned by Formation AlterGo showed that only 15% of Quebecers had heard of universal accessibility in recent months.<\/span>\n\t\t\t\t\t\t\t\t\t<\/li>\n\t\t\t\t\t\t\t\t<li class=\"elementor-icon-list-item\">\n\t\t\t\t\t\t\t\t\t\t\t<span class=\"elementor-icon-list-icon\">\n\t\t\t\t\t\t\t<i aria-hidden=\"true\" class=\"fas fa-arrow-right\"><\/i>\t\t\t\t\t\t<\/span>\n\t\t\t\t\t\t\t\t\t\t<span class=\"elementor-icon-list-text\"><b>Universal accessibility<\/b> is the condition that allows participation for all.<\/span>\n\t\t\t\t\t\t\t\t\t<\/li>\n\t\t\t\t\t\t\t\t<li class=\"elementor-icon-list-item\">\n\t\t\t\t\t\t\t\t\t\t\t<span class=\"elementor-icon-list-icon\">\n\t\t\t\t\t\t\t<i aria-hidden=\"true\" class=\"fas fa-arrow-right\"><\/i>\t\t\t\t\t\t<\/span>\n\t\t\t\t\t\t\t\t\t\t<span class=\"elementor-icon-list-text\"><b>Universal accessibility<\/b> is defined as the character of a product, process, service, information or environment that, with equity and inclusiveness in mind, enables any person to perform activities independently and achieve equivalent results.<\/span>\n\t\t\t\t\t\t\t\t\t<\/li>\n\t\t\t\t\t\t<\/ul>\n\t\t\t\t\t\t<\/div>\n\t\t\t\t<\/div>\n\t\t\t\t\t<\/div>\n\t\t<\/div>\n\t\t\t\t<div class=\"elementor-column elementor-col-50 elementor-top-column elementor-element elementor-element-1e3015d\" data-id=\"1e3015d\" data-element_type=\"column\" data-e-type=\"column\">\n\t\t\t<div class=\"elementor-widget-wrap elementor-element-populated\">\n\t\t\t\t\t\t<section class=\"elementor-section elementor-inner-section elementor-element elementor-element-0b14f31 elementor-section-full_width elementor-section-height-default elementor-section-height-default\" data-id=\"0b14f31\" data-element_type=\"section\" data-e-type=\"section\" data-settings=\"{&quot;jet_parallax_layout_list&quot;:[{&quot;jet_parallax_layout_image&quot;:{&quot;url&quot;:&quot;&quot;,&quot;id&quot;:&quot;&quot;,&quot;size&quot;:&quot;&quot;},&quot;_id&quot;:&quot;d178dbc&quot;,&quot;jet_parallax_layout_image_tablet&quot;:{&quot;url&quot;:&quot;&quot;,&quot;id&quot;:&quot;&quot;,&quot;size&quot;:&quot;&quot;},&quot;jet_parallax_layout_image_mobile&quot;:{&quot;url&quot;:&quot;&quot;,&quot;id&quot;:&quot;&quot;,&quot;size&quot;:&quot;&quot;},&quot;jet_parallax_layout_speed&quot;:{&quot;unit&quot;:&quot;%&quot;,&quot;size&quot;:50,&quot;sizes&quot;:[]},&quot;jet_parallax_layout_type&quot;:&quot;scroll&quot;,&quot;jet_parallax_layout_direction&quot;:null,&quot;jet_parallax_layout_fx_direction&quot;:null,&quot;jet_parallax_layout_z_index&quot;:&quot;&quot;,&quot;jet_parallax_layout_bg_x&quot;:50,&quot;jet_parallax_layout_bg_x_tablet&quot;:&quot;&quot;,&quot;jet_parallax_layout_bg_x_mobile&quot;:&quot;&quot;,&quot;jet_parallax_layout_bg_y&quot;:50,&quot;jet_parallax_layout_bg_y_tablet&quot;:&quot;&quot;,&quot;jet_parallax_layout_bg_y_mobile&quot;:&quot;&quot;,&quot;jet_parallax_layout_bg_size&quot;:&quot;auto&quot;,&quot;jet_parallax_layout_bg_size_tablet&quot;:&quot;&quot;,&quot;jet_parallax_layout_bg_size_mobile&quot;:&quot;&quot;,&quot;jet_parallax_layout_animation_prop&quot;:&quot;transform&quot;,&quot;jet_parallax_layout_on&quot;:[&quot;desktop&quot;,&quot;tablet&quot;]}]}\">\n\t\t\t\t\t\t<div class=\"elementor-container elementor-column-gap-no\">\n\t\t\t\t\t<div class=\"elementor-column elementor-col-100 elementor-inner-column elementor-element elementor-element-cc69a1b\" data-id=\"cc69a1b\" data-element_type=\"column\" data-e-type=\"column\">\n\t\t\t<div class=\"elementor-widget-wrap elementor-element-populated\">\n\t\t\t\t\t\t<div class=\"elementor-element elementor-element-be8ff8f elementor-widget elementor-widget-spacer\" data-id=\"be8ff8f\" data-element_type=\"widget\" data-e-type=\"widget\" data-widget_type=\"spacer.default\">\n\t\t\t\t<div class=\"elementor-widget-container\">\n\t\t\t\t\t\t\t<div class=\"elementor-spacer\">\n\t\t\t<div class=\"elementor-spacer-inner\"><\/div>\n\t\t<\/div>\n\t\t\t\t\t\t<\/div>\n\t\t\t\t<\/div>\n\t\t\t\t\t<\/div>\n\t\t<\/div>\n\t\t\t\t\t<\/div>\n\t\t<\/section>\n\t\t\t\t\t<\/div>\n\t\t<\/div>\n\t\t\t\t\t<\/div>\n\t\t<\/section>\n\t\t\t\t<section class=\"elementor-section elementor-top-section elementor-element elementor-element-a18608d elementor-section-boxed elementor-section-height-default elementor-section-height-default\" data-id=\"a18608d\" data-element_type=\"section\" data-e-type=\"section\" data-settings=\"{&quot;jet_parallax_layout_list&quot;:[{&quot;jet_parallax_layout_image&quot;:{&quot;url&quot;:&quot;&quot;,&quot;id&quot;:&quot;&quot;,&quot;size&quot;:&quot;&quot;},&quot;_id&quot;:&quot;2d7d761&quot;,&quot;jet_parallax_layout_image_tablet&quot;:{&quot;url&quot;:&quot;&quot;,&quot;id&quot;:&quot;&quot;,&quot;size&quot;:&quot;&quot;},&quot;jet_parallax_layout_image_mobile&quot;:{&quot;url&quot;:&quot;&quot;,&quot;id&quot;:&quot;&quot;,&quot;size&quot;:&quot;&quot;},&quot;jet_parallax_layout_speed&quot;:{&quot;unit&quot;:&quot;%&quot;,&quot;size&quot;:50,&quot;sizes&quot;:[]},&quot;jet_parallax_layout_type&quot;:&quot;scroll&quot;,&quot;jet_parallax_layout_direction&quot;:null,&quot;jet_parallax_layout_fx_direction&quot;:null,&quot;jet_parallax_layout_z_index&quot;:&quot;&quot;,&quot;jet_parallax_layout_bg_x&quot;:50,&quot;jet_parallax_layout_bg_x_tablet&quot;:&quot;&quot;,&quot;jet_parallax_layout_bg_x_mobile&quot;:&quot;&quot;,&quot;jet_parallax_layout_bg_y&quot;:50,&quot;jet_parallax_layout_bg_y_tablet&quot;:&quot;&quot;,&quot;jet_parallax_layout_bg_y_mobile&quot;:&quot;&quot;,&quot;jet_parallax_layout_bg_size&quot;:&quot;auto&quot;,&quot;jet_parallax_layout_bg_size_tablet&quot;:&quot;&quot;,&quot;jet_parallax_layout_bg_size_mobile&quot;:&quot;&quot;,&quot;jet_parallax_layout_animation_prop&quot;:&quot;transform&quot;,&quot;jet_parallax_layout_on&quot;:[&quot;desktop&quot;,&quot;tablet&quot;]}]}\">\n\t\t\t\t\t\t<div class=\"elementor-container elementor-column-gap-default\">\n\t\t\t\t\t<div class=\"elementor-column elementor-col-100 elementor-top-column elementor-element elementor-element-3d6b45d\" data-id=\"3d6b45d\" data-element_type=\"column\" data-e-type=\"column\" data-settings=\"{&quot;background_background&quot;:&quot;gradient&quot;}\">\n\t\t\t<div class=\"elementor-widget-wrap elementor-element-populated\">\n\t\t\t\t\t\t<div class=\"elementor-element elementor-element-babee84 elementor-widget elementor-widget-heading\" data-id=\"babee84\" data-element_type=\"widget\" data-e-type=\"widget\" data-widget_type=\"heading.default\">\n\t\t\t\t<div class=\"elementor-widget-container\">\n\t\t\t\t\t<h2 class=\"elementor-heading-title elementor-size-default\">For municipalities that are<br \/>\nuniversally accessible<\/h2>\t\t\t\t<\/div>\n\t\t\t\t<\/div>\n\t\t\t\t<div class=\"elementor-element elementor-element-c95d9e9 elementor-widget elementor-widget-text-editor\" data-id=\"c95d9e9\" data-element_type=\"widget\" data-e-type=\"widget\" data-widget_type=\"text-editor.default\">\n\t\t\t\t<div class=\"elementor-widget-container\">\n\t\t\t\t\t\t\t\t\t<p>I recognize that in 2021, universal accessibility is essential, because we may not all have limitations, but we all have the same rights.<\/p><p>I recognize that we must all, together, choose to remove barriers.<\/p><p>I recognize that citizens with disabilities still face many barriers in our society that prevent them from fully exercising their rights, and that these barriers have been exacerbated by the health situation.<\/p><p>I recognize that municipalities are actors with significant power to improve the quality of life of citizens by taking into account universal accessibility in each of their initiatives.<\/p><p>I recognize that &#8211; in the context of municipal elections in November 2021 &#8211; each municipality must make a greater effort to ensure the participation of all by:<\/p>\t\t\t\t\t\t\t\t<\/div>\n\t\t\t\t<\/div>\n\t\t\t\t<div class=\"elementor-element elementor-element-bbff426 elementor-icon-list--layout-traditional elementor-list-item-link-full_width elementor-widget elementor-widget-icon-list\" data-id=\"bbff426\" data-element_type=\"widget\" data-e-type=\"widget\" data-widget_type=\"icon-list.default\">\n\t\t\t\t<div class=\"elementor-widget-container\">\n\t\t\t\t\t\t\t<ul class=\"elementor-icon-list-items\">\n\t\t\t\t\t\t\t<li class=\"elementor-icon-list-item\">\n\t\t\t\t\t\t\t\t\t\t\t<span class=\"elementor-icon-list-icon\">\n\t\t\t\t\t\t\t<i aria-hidden=\"true\" class=\"fas fa-arrow-right\"><\/i>\t\t\t\t\t\t<\/span>\n\t\t\t\t\t\t\t\t\t\t<span class=\"elementor-icon-list-text\">Adopting a municipal universal accessibility policy (if not already in place);<\/span>\n\t\t\t\t\t\t\t\t\t<\/li>\n\t\t\t\t\t\t\t\t<li class=\"elementor-icon-list-item\">\n\t\t\t\t\t\t\t\t\t\t\t<span class=\"elementor-icon-list-icon\">\n\t\t\t\t\t\t\t<i aria-hidden=\"true\" class=\"fas fa-arrow-right\"><\/i>\t\t\t\t\t\t<\/span>\n\t\t\t\t\t\t\t\t\t\t<span class=\"elementor-icon-list-text\">Appointing an elected official responsible for universal accessibility in each decision-making body of the municipality (city council and borough councils);<\/span>\n\t\t\t\t\t\t\t\t\t<\/li>\n\t\t\t\t\t\t\t\t<li class=\"elementor-icon-list-item\">\n\t\t\t\t\t\t\t\t\t\t\t<span class=\"elementor-icon-list-icon\">\n\t\t\t\t\t\t\t<i aria-hidden=\"true\" class=\"fas fa-arrow-right\"><\/i>\t\t\t\t\t\t<\/span>\n\t\t\t\t\t\t\t\t\t\t<span class=\"elementor-icon-list-text\">Appointing a person responsible for universal accessibility within the municipal administration and ensuring the development of their skills by giving them the resources (human and financial) necessary to carry out their mandate.<\/span>\n\t\t\t\t\t\t\t\t\t<\/li>\n\t\t\t\t\t\t\t\t<li class=\"elementor-icon-list-item\">\n\t\t\t\t\t\t\t\t\t\t\t<span class=\"elementor-icon-list-icon\">\n\t\t\t\t\t\t\t<i aria-hidden=\"true\" class=\"fas fa-arrow-right\"><\/i>\t\t\t\t\t\t<\/span>\n\t\t\t\t\t\t\t\t\t\t<span class=\"elementor-icon-list-text\">Developing a mechanism to involve and consult with people with disabilities in the city's consultative processes.<\/span>\n\t\t\t\t\t\t\t\t\t<\/li>\n\t\t\t\t\t\t\t\t<li class=\"elementor-icon-list-item\">\n\t\t\t\t\t\t\t\t\t\t\t<span class=\"elementor-icon-list-icon\">\n\t\t\t\t\t\t\t<i aria-hidden=\"true\" class=\"fas fa-arrow-right\"><\/i>\t\t\t\t\t\t<\/span>\n\t\t\t\t\t\t\t\t\t\t<span class=\"elementor-icon-list-text\">Having the information necessary to support informed decision-making on universal accessibility: gathering needs, identifying barriers and producing data, keeping an up-to-date picture and identifying innovative and sustainable solutions.<\/span>\n\t\t\t\t\t\t\t\t\t<\/li>\n\t\t\t\t\t\t<\/ul>\n\t\t\t\t\t\t<\/div>\n\t\t\t\t<\/div>\n\t\t\t\t<div class=\"elementor-element elementor-element-3396ab6 elementor-hidden-desktop elementor-hidden-tablet elementor-hidden-phone elementor-widget elementor-widget-heading\" data-id=\"3396ab6\" data-element_type=\"widget\" data-e-type=\"widget\" data-widget_type=\"heading.default\">\n\t\t\t\t<div class=\"elementor-widget-container\">\n\t\t\t\t\t<h3 class=\"elementor-heading-title elementor-size-default\">Sign the declaration<\/h3>\t\t\t\t<\/div>\n\t\t\t\t<\/div>\n\t\t\t\t<div class=\"elementor-element elementor-element-d4dd872 elementor-widget__width-initial elementor-widget-tablet__width-initial elementor-widget-mobile__width-initial elementor-hidden-desktop elementor-hidden-tablet elementor-hidden-phone elementor-button-align-stretch elementor-widget elementor-widget-form\" data-id=\"d4dd872\" data-element_type=\"widget\" data-e-type=\"widget\" data-settings=\"{&quot;button_width&quot;:&quot;40&quot;,&quot;step_next_label&quot;:&quot;Next&quot;,&quot;step_previous_label&quot;:&quot;Previous&quot;,&quot;step_type&quot;:&quot;number_text&quot;,&quot;step_icon_shape&quot;:&quot;circle&quot;}\" data-widget_type=\"form.default\">\n\t\t\t\t<div class=\"elementor-widget-container\">\n\t\t\t\t\t\t\t<form class=\"elementor-form\" method=\"post\" id=\"signature_EN\" name=\"D\u00e9claration\" aria-label=\"D\u00e9claration\">\n\t\t\t<input type=\"hidden\" name=\"post_id\" value=\"1207\"\/>\n\t\t\t<input type=\"hidden\" name=\"form_id\" value=\"d4dd872\"\/>\n\t\t\t<input type=\"hidden\" name=\"referer_title\" value=\"Sign the declaration - Collectif accessibilit\u00e9 universelle L\u2019accessibilit\u00e9 universelle\" \/>\n\n\t\t\t\t\t\t\t<input type=\"hidden\" name=\"queried_id\" value=\"1207\"\/>\n\t\t\t\n\t\t\t<div class=\"elementor-form-fields-wrapper elementor-labels-above\">\n\t\t\t\t\t\t\t\t<div class=\"elementor-field-type-html elementor-field-group elementor-column elementor-field-group-field_1444718 elementor-col-100\">\n\t\t\t\t\tAll fields marked with an <span style=\"color:#D71920\">*<\/span> are required\t\t\t\t<\/div>\n\t\t\t\t\t\t\t\t<div class=\"elementor-field-type-text elementor-field-group elementor-column elementor-field-group-name elementor-col-50 elementor-field-required elementor-mark-required\">\n\t\t\t\t\t\t\t\t\t\t\t\t<label for=\"form-field-name\" class=\"elementor-field-label\">\n\t\t\t\t\t\t\t\tFirst name\t\t\t\t\t\t\t<\/label>\n\t\t\t\t\t\t\t\t\t\t\t\t\t\t<input size=\"1\" type=\"text\" name=\"form_fields[name]\" id=\"form-field-name\" class=\"elementor-field elementor-size-md  elementor-field-textual\" placeholder=\"First name\" required=\"required\">\n\t\t\t\t\t\t\t\t\t\t\t<\/div>\n\t\t\t\t\t\t\t\t<div class=\"elementor-field-type-text elementor-field-group elementor-column elementor-field-group-field_3a603c1 elementor-col-50 elementor-field-required elementor-mark-required\">\n\t\t\t\t\t\t\t\t\t\t\t\t<label for=\"form-field-field_3a603c1\" class=\"elementor-field-label\">\n\t\t\t\t\t\t\t\tLast name\t\t\t\t\t\t\t<\/label>\n\t\t\t\t\t\t\t\t\t\t\t\t\t\t<input size=\"1\" type=\"text\" name=\"form_fields[field_3a603c1]\" id=\"form-field-field_3a603c1\" class=\"elementor-field elementor-size-md  elementor-field-textual\" placeholder=\"Last name\" required=\"required\">\n\t\t\t\t\t\t\t\t\t\t\t<\/div>\n\t\t\t\t\t\t\t\t<div class=\"elementor-field-type-email elementor-field-group elementor-column elementor-field-group-email elementor-col-100 elementor-field-required elementor-mark-required\">\n\t\t\t\t\t\t\t\t\t\t\t\t<label for=\"form-field-email\" class=\"elementor-field-label\">\n\t\t\t\t\t\t\t\tEmail\t\t\t\t\t\t\t<\/label>\n\t\t\t\t\t\t\t\t\t\t\t\t\t\t<input size=\"1\" type=\"email\" name=\"form_fields[email]\" id=\"form-field-email\" class=\"elementor-field elementor-size-md  elementor-field-textual\" placeholder=\"Email\" required=\"required\">\n\t\t\t\t\t\t\t\t\t\t\t<\/div>\n\t\t\t\t\t\t\t\t<div class=\"elementor-field-type-text elementor-field-group elementor-column elementor-field-group-message elementor-col-100\">\n\t\t\t\t\t\t\t\t\t\t\t\t<label for=\"form-field-message\" class=\"elementor-field-label\">\n\t\t\t\t\t\t\t\tCity\t\t\t\t\t\t\t<\/label>\n\t\t\t\t\t\t\t\t\t\t\t\t\t\t<input size=\"1\" type=\"text\" name=\"form_fields[message]\" id=\"form-field-message\" class=\"elementor-field elementor-size-md  elementor-field-textual\" placeholder=\"City\">\n\t\t\t\t\t\t\t\t\t\t\t<\/div>\n\t\t\t\t\t\t\t\t<div class=\"elementor-field-type-select elementor-field-group elementor-column elementor-field-group-field_51b57d0 elementor-col-100 elementor-field-required elementor-mark-required\">\n\t\t\t\t\t\t\t\t\t\t\t\t<label for=\"form-field-field_51b57d0\" class=\"elementor-field-label\">\n\t\t\t\t\t\t\t\tCitizen or Elected\t\t\t\t\t\t\t<\/label>\n\t\t\t\t\t\t\t\t<div class=\"elementor-field elementor-select-wrapper remove-before \">\n\t\t\t<div class=\"select-caret-down-wrapper\">\n\t\t\t\t<i aria-hidden=\"true\" class=\"eicon-caret-down\"><\/i>\t\t\t<\/div>\n\t\t\t<select name=\"form_fields[field_51b57d0]\" id=\"form-field-field_51b57d0\" class=\"elementor-field-textual elementor-size-md\" required=\"required\">\n\t\t\t\t\t\t\t\t\t<option value=\"Are you a\/an...*\">Are you a\/an...*<\/option>\n\t\t\t\t\t\t\t\t\t<option value=\"Citizen\">Citizen<\/option>\n\t\t\t\t\t\t\t\t\t<option value=\"Elected\">Elected<\/option>\n\t\t\t\t\t\t\t\t\t<option value=\"Municipal candidate\">Municipal candidate<\/option>\n\t\t\t\t\t\t\t<\/select>\n\t\t<\/div>\n\t\t\t\t\t\t<\/div>\n\t\t\t\t\t\t\t\t<div class=\"elementor-field-group elementor-column elementor-field-type-submit elementor-col-40 e-form__buttons\">\n\t\t\t\t\t<button class=\"elementor-button elementor-size-md\" type=\"submit\">\n\t\t\t\t\t\t<span class=\"elementor-button-content-wrapper\">\n\t\t\t\t\t\t\t\t\t\t\t\t\t\t\t\t\t\t\t\t\t\t<span class=\"elementor-button-text\">Sign the declaration<\/span>\n\t\t\t\t\t\t\t\t\t\t\t\t\t<\/span>\n\t\t\t\t\t<\/button>\n\t\t\t\t<\/div>\n\t\t\t<\/div>\n\t\t<\/form>\n\t\t\t\t\t\t<\/div>\n\t\t\t\t<\/div>\n\t\t\t\t\t<\/div>\n\t\t<\/div>\n\t\t\t\t\t<\/div>\n\t\t<\/section>\n\t\t\t\t<\/div>\n\t\t","protected":false},"excerpt":{"rendered":"<p>Considering that: 33% of Quebecers aged 15 and over report having difficulty performing certain daily activities due to a temporary or permanent functional limitation. In February 2019, a L\u00e9ger survey commissioned by Formation AlterGo showed that only 15% of Quebecers had heard of universal accessibility in recent months. Universal accessibility is the condition that allows [&hellip;]<\/p>\n","protected":false},"author":2,"featured_media":743,"parent":0,"menu_order":0,"comment_status":"closed","ping_status":"closed","template":"","meta":{"_acf_changed":false,"footnotes":""},"class_list":["post-1207","page","type-page","status-publish","has-post-thumbnail","hentry"],"acf":[],"yoast_head":"<!-- This site is optimized with the Yoast SEO plugin v27.5 - https:\/\/yoast.com\/product\/yoast-seo-wordpress\/ -->\n<title>Sign the declaration - Collectif accessibilit\u00e9 universelle L\u2019accessibilit\u00e9 universelle<\/title>\n<meta name=\"description\" content=\"33% des qu\u00e9b\u00e9cois \u00e2g\u00e9s de 15 ans et plus d\u00e9clarent avoir des difficult\u00e9s \u00e0 r\u00e9aliser certaines activit\u00e9s quotidiennes en raison d\u2019une limitation fonctionnelle temporaire ou permanente.\" \/>\n<meta name=\"robots\" content=\"index, follow, max-snippet:-1, max-image-preview:large, max-video-preview:-1\" \/>\n<link rel=\"canonical\" href=\"https:\/\/collectifau.ca\/en\/sign-the-declaration\/\" \/>\n<meta property=\"og:locale\" content=\"en_US\" \/>\n<meta property=\"og:type\" content=\"article\" \/>\n<meta property=\"og:title\" content=\"Sign the declaration - Collectif accessibilit\u00e9 universelle L\u2019accessibilit\u00e9 universelle\" \/>\n<meta property=\"og:description\" content=\"33% des qu\u00e9b\u00e9cois \u00e2g\u00e9s de 15 ans et plus d\u00e9clarent avoir des difficult\u00e9s \u00e0 r\u00e9aliser certaines activit\u00e9s quotidiennes en raison d\u2019une limitation fonctionnelle temporaire ou permanente.\" \/>\n<meta property=\"og:url\" content=\"https:\/\/collectifau.ca\/en\/sign-the-declaration\/\" \/>\n<meta property=\"og:site_name\" content=\"Collectif accessibilit\u00e9 universelle\" \/>\n<meta property=\"article:publisher\" content=\"https:\/\/www.facebook.com\/CollectifAU\" \/>\n<meta property=\"article:modified_time\" content=\"2021-12-13T21:21:37+00:00\" \/>\n<meta property=\"og:image\" content=\"https:\/\/collectifau.ca\/wp-content\/uploads\/2021\/05\/AdobeStock_363697616-2.jpeg\" \/>\n\t<meta property=\"og:image:width\" content=\"2560\" \/>\n\t<meta property=\"og:image:height\" content=\"1707\" \/>\n\t<meta property=\"og:image:type\" content=\"image\/jpeg\" \/>\n<meta name=\"twitter:card\" content=\"summary_large_image\" \/>\n<meta name=\"twitter:label1\" content=\"Est. reading time\" \/>\n\t<meta name=\"twitter:data1\" content=\"2 minutes\" \/>\n<script type=\"application\/ld+json\" class=\"yoast-schema-graph\">{\"@context\":\"https:\\\/\\\/schema.org\",\"@graph\":[{\"@type\":\"WebPage\",\"@id\":\"https:\\\/\\\/collectifau.ca\\\/en\\\/sign-the-declaration\\\/\",\"url\":\"https:\\\/\\\/collectifau.ca\\\/en\\\/sign-the-declaration\\\/\",\"name\":\"Sign the declaration - Collectif accessibilit\u00e9 universelle L\u2019accessibilit\u00e9 universelle\",\"isPartOf\":{\"@id\":\"https:\\\/\\\/collectifau.ca\\\/#website\"},\"primaryImageOfPage\":{\"@id\":\"https:\\\/\\\/collectifau.ca\\\/en\\\/sign-the-declaration\\\/#primaryimage\"},\"image\":{\"@id\":\"https:\\\/\\\/collectifau.ca\\\/en\\\/sign-the-declaration\\\/#primaryimage\"},\"thumbnailUrl\":\"https:\\\/\\\/collectifau.ca\\\/wp-content\\\/uploads\\\/2021\\\/05\\\/AdobeStock_363697616-2.jpeg\",\"datePublished\":\"2021-05-17T16:46:55+00:00\",\"dateModified\":\"2021-12-13T21:21:37+00:00\",\"description\":\"33% des qu\u00e9b\u00e9cois \u00e2g\u00e9s de 15 ans et plus d\u00e9clarent avoir des difficult\u00e9s \u00e0 r\u00e9aliser certaines activit\u00e9s quotidiennes en raison d\u2019une limitation fonctionnelle temporaire ou permanente.\",\"breadcrumb\":{\"@id\":\"https:\\\/\\\/collectifau.ca\\\/en\\\/sign-the-declaration\\\/#breadcrumb\"},\"inLanguage\":\"en-CA\",\"potentialAction\":[{\"@type\":\"ReadAction\",\"target\":[\"https:\\\/\\\/collectifau.ca\\\/en\\\/sign-the-declaration\\\/\"]}]},{\"@type\":\"ImageObject\",\"inLanguage\":\"en-CA\",\"@id\":\"https:\\\/\\\/collectifau.ca\\\/en\\\/sign-the-declaration\\\/#primaryimage\",\"url\":\"https:\\\/\\\/collectifau.ca\\\/wp-content\\\/uploads\\\/2021\\\/05\\\/AdobeStock_363697616-2.jpeg\",\"contentUrl\":\"https:\\\/\\\/collectifau.ca\\\/wp-content\\\/uploads\\\/2021\\\/05\\\/AdobeStock_363697616-2.jpeg\",\"width\":2560,\"height\":1707,\"caption\":\"A girl with Down syndrome blows bubbles. The daily life of a child with disabilities. Chromosomal genetic disorder in a child.\"},{\"@type\":\"BreadcrumbList\",\"@id\":\"https:\\\/\\\/collectifau.ca\\\/en\\\/sign-the-declaration\\\/#breadcrumb\",\"itemListElement\":[{\"@type\":\"ListItem\",\"position\":1,\"name\":\"Accueil\",\"item\":\"https:\\\/\\\/collectifau.ca\\\/en\\\/\"},{\"@type\":\"ListItem\",\"position\":2,\"name\":\"Sign the declaration\"}]},{\"@type\":\"WebSite\",\"@id\":\"https:\\\/\\\/collectifau.ca\\\/#website\",\"url\":\"https:\\\/\\\/collectifau.ca\\\/\",\"name\":\"Collectif Accessibilit\u00e9 universelle\",\"description\":\"\",\"potentialAction\":[{\"@type\":\"SearchAction\",\"target\":{\"@type\":\"EntryPoint\",\"urlTemplate\":\"https:\\\/\\\/collectifau.ca\\\/?s={search_term_string}\"},\"query-input\":{\"@type\":\"PropertyValueSpecification\",\"valueRequired\":true,\"valueName\":\"search_term_string\"}}],\"inLanguage\":\"en-CA\"}]}<\/script>\n<!-- \/ Yoast SEO plugin. -->","yoast_head_json":{"title":"Sign the declaration - Collectif accessibilit\u00e9 universelle L\u2019accessibilit\u00e9 universelle","description":"33% des qu\u00e9b\u00e9cois \u00e2g\u00e9s de 15 ans et plus d\u00e9clarent avoir des difficult\u00e9s \u00e0 r\u00e9aliser certaines activit\u00e9s quotidiennes en raison d\u2019une limitation fonctionnelle temporaire ou permanente.","robots":{"index":"index","follow":"follow","max-snippet":"max-snippet:-1","max-image-preview":"max-image-preview:large","max-video-preview":"max-video-preview:-1"},"canonical":"https:\/\/collectifau.ca\/en\/sign-the-declaration\/","og_locale":"en_US","og_type":"article","og_title":"Sign the declaration - Collectif accessibilit\u00e9 universelle L\u2019accessibilit\u00e9 universelle","og_description":"33% des qu\u00e9b\u00e9cois \u00e2g\u00e9s de 15 ans et plus d\u00e9clarent avoir des difficult\u00e9s \u00e0 r\u00e9aliser certaines activit\u00e9s quotidiennes en raison d\u2019une limitation fonctionnelle temporaire ou permanente.","og_url":"https:\/\/collectifau.ca\/en\/sign-the-declaration\/","og_site_name":"Collectif accessibilit\u00e9 universelle","article_publisher":"https:\/\/www.facebook.com\/CollectifAU","article_modified_time":"2021-12-13T21:21:37+00:00","og_image":[{"width":2560,"height":1707,"url":"https:\/\/collectifau.ca\/wp-content\/uploads\/2021\/05\/AdobeStock_363697616-2.jpeg","type":"image\/jpeg"}],"twitter_card":"summary_large_image","twitter_misc":{"Est. reading time":"2 minutes"},"schema":{"@context":"https:\/\/schema.org","@graph":[{"@type":"WebPage","@id":"https:\/\/collectifau.ca\/en\/sign-the-declaration\/","url":"https:\/\/collectifau.ca\/en\/sign-the-declaration\/","name":"Sign the declaration - Collectif accessibilit\u00e9 universelle L\u2019accessibilit\u00e9 universelle","isPartOf":{"@id":"https:\/\/collectifau.ca\/#website"},"primaryImageOfPage":{"@id":"https:\/\/collectifau.ca\/en\/sign-the-declaration\/#primaryimage"},"image":{"@id":"https:\/\/collectifau.ca\/en\/sign-the-declaration\/#primaryimage"},"thumbnailUrl":"https:\/\/collectifau.ca\/wp-content\/uploads\/2021\/05\/AdobeStock_363697616-2.jpeg","datePublished":"2021-05-17T16:46:55+00:00","dateModified":"2021-12-13T21:21:37+00:00","description":"33% des qu\u00e9b\u00e9cois \u00e2g\u00e9s de 15 ans et plus d\u00e9clarent avoir des difficult\u00e9s \u00e0 r\u00e9aliser certaines activit\u00e9s quotidiennes en raison d\u2019une limitation fonctionnelle temporaire ou permanente.","breadcrumb":{"@id":"https:\/\/collectifau.ca\/en\/sign-the-declaration\/#breadcrumb"},"inLanguage":"en-CA","potentialAction":[{"@type":"ReadAction","target":["https:\/\/collectifau.ca\/en\/sign-the-declaration\/"]}]},{"@type":"ImageObject","inLanguage":"en-CA","@id":"https:\/\/collectifau.ca\/en\/sign-the-declaration\/#primaryimage","url":"https:\/\/collectifau.ca\/wp-content\/uploads\/2021\/05\/AdobeStock_363697616-2.jpeg","contentUrl":"https:\/\/collectifau.ca\/wp-content\/uploads\/2021\/05\/AdobeStock_363697616-2.jpeg","width":2560,"height":1707,"caption":"A girl with Down syndrome blows bubbles. The daily life of a child with disabilities. Chromosomal genetic disorder in a child."},{"@type":"BreadcrumbList","@id":"https:\/\/collectifau.ca\/en\/sign-the-declaration\/#breadcrumb","itemListElement":[{"@type":"ListItem","position":1,"name":"Accueil","item":"https:\/\/collectifau.ca\/en\/"},{"@type":"ListItem","position":2,"name":"Sign the declaration"}]},{"@type":"WebSite","@id":"https:\/\/collectifau.ca\/#website","url":"https:\/\/collectifau.ca\/","name":"Collectif Accessibilit\u00e9 universelle","description":"","potentialAction":[{"@type":"SearchAction","target":{"@type":"EntryPoint","urlTemplate":"https:\/\/collectifau.ca\/?s={search_term_string}"},"query-input":{"@type":"PropertyValueSpecification","valueRequired":true,"valueName":"search_term_string"}}],"inLanguage":"en-CA"}]}},"_links":{"self":[{"href":"https:\/\/collectifau.ca\/en\/wp-json\/wp\/v2\/pages\/1207","targetHints":{"allow":["GET"]}}],"collection":[{"href":"https:\/\/collectifau.ca\/en\/wp-json\/wp\/v2\/pages"}],"about":[{"href":"https:\/\/collectifau.ca\/en\/wp-json\/wp\/v2\/types\/page"}],"author":[{"embeddable":true,"href":"https:\/\/collectifau.ca\/en\/wp-json\/wp\/v2\/users\/2"}],"replies":[{"embeddable":true,"href":"https:\/\/collectifau.ca\/en\/wp-json\/wp\/v2\/comments?post=1207"}],"version-history":[{"count":0,"href":"https:\/\/collectifau.ca\/en\/wp-json\/wp\/v2\/pages\/1207\/revisions"}],"wp:featuredmedia":[{"embeddable":true,"href":"https:\/\/collectifau.ca\/en\/wp-json\/wp\/v2\/media\/743"}],"wp:attachment":[{"href":"https:\/\/collectifau.ca\/en\/wp-json\/wp\/v2\/media?parent=1207"}],"curies":[{"name":"wp","href":"https:\/\/api.w.org\/{rel}","templated":true}]}}